{"id":1268,"date":"2021-07-27T12:05:34","date_gmt":"2021-07-27T10:05:34","guid":{"rendered":"https:\/\/terredeshommes.it\/?post_type=project&#038;p=1268"},"modified":"2021-07-28T11:11:55","modified_gmt":"2021-07-28T09:11:55","slug":"assistenza-tecnica-per-loperazionalizzazione-del-centro-deducazione-e-di-reinserimento-sociale-di-minori-in-conflitto-con-la-loi-cermicol-e-per-il-rafforzamento-del-volet-reintegra","status":"publish","type":"project","link":"https:\/\/terredeshommes.it\/eng\/projects\/assistenza-tecnica-per-loperazionalizzazione-del-centro-deducazione-e-di-reinserimento-sociale-di-minori-in-conflitto-con-la-loi-cermicol-e-per-il-rafforzamento-del-volet-reintegra\/","title":{"rendered":"Assistenza tecnica per l\u2019operazionalizzazione del Centro d\u2019Educazione e di Reinserimento sociale di Minori in Conflitto con la Loi (CERMICOL) e per il rafforzamento del volet reintegrazione sociale dei minori nel quadro della Politica Nazionale della Giustizia in Burkina Faso"},"content":{"rendered":"<p>[et_pb_section fb_built=&#8221;1&#8243; _builder_version=&#8221;4.9.10&#8243; _module_preset=&#8221;default&#8221; custom_padding=&#8221;2px|||||&#8221;][et_pb_row column_structure=&#8221;2_5,3_5&#8243; use_custom_gutter=&#8221;on&#8221; make_equal=&#8221;on&#8221; _builder_version=&#8221;4.9.10&#8243; _module_preset=&#8221;default&#8221;][et_pb_column type=&#8221;2_5&#8243; _builder_version=&#8221;4.9.10&#8243; _module_preset=&#8221;default&#8221; background_enable_color=&#8221;off&#8221; custom_padding=&#8221;|20px|||false|false&#8221; border_width_right=&#8221;1px&#8221;][et_pb_blurb title=&#8221;Data&#8221; use_icon=&#8221;on&#8221; font_icon=&#8221;%%128%%&#8221; _builder_version=&#8221;4.9.10&#8243; _module_preset=&#8221;c654947c-f542-4f3b-8dd1-a1a9471ac013&#8243; header_level=&#8221;h2&#8243;]<\/p>\n<p>inizio: 1\/03\/2017<br \/>fine: 28\/02\/2019<\/p>\n<p>[\/et_pb_blurb][et_pb_blurb title=&#8221;Tipo&#8221; use_icon=&#8221;on&#8221; font_icon=&#8221;%%240%%&#8221; _builder_version=&#8221;4.9.10&#8243; _module_preset=&#8221;c654947c-f542-4f3b-8dd1-a1a9471ac013&#8243; header_level=&#8221;h2&#8243;]Giustizia Minorile[\/et_pb_blurb][et_pb_blurb title=&#8221;Partner locale&#8221; use_icon=&#8221;on&#8221; font_icon=&#8221;%%249%%&#8221; _builder_version=&#8221;4.9.10&#8243; _module_preset=&#8221;c654947c-f542-4f3b-8dd1-a1a9471ac013&#8243; header_level=&#8221;h2&#8243;]Ministero della Giustizia del Burkina Faso \u2013 Direzione della Politica Criminale[\/et_pb_blurb][et_pb_blurb title=&#8221;Beneficiari diretti&#8221; use_icon=&#8221;on&#8221; font_icon=&#8221;%%257%%&#8221; _builder_version=&#8221;4.9.10&#8243; _module_preset=&#8221;c654947c-f542-4f3b-8dd1-a1a9471ac013&#8243; header_level=&#8221;h2&#8243;]60 minori condannati o in attesa di giudizio[\/et_pb_blurb][et_pb_blurb title=&#8221;Finanziatori&#8221; use_icon=&#8221;on&#8221; font_icon=&#8221;%%171%%&#8221; _builder_version=&#8221;4.9.10&#8243; _module_preset=&#8221;c654947c-f542-4f3b-8dd1-a1a9471ac013&#8243; header_level=&#8221;h2&#8243;]Agenzia Italiana per la Cooperazione allo Sviluppo, Principato di Monaco \u2013Dipartimento per la Cooperazione Internazionale, Programma d\u2019Appoggio alla Politica Nazionale di Giustizia, UE, UNICEF[\/et_pb_blurb][\/et_pb_column][et_pb_column type=&#8221;3_5&#8243; _builder_version=&#8221;4.9.10&#8243; _module_preset=&#8221;default&#8221;][et_pb_text _builder_version=&#8221;4.9.10&#8243; _module_preset=&#8221;default&#8221; hover_enabled=&#8221;0&#8243; sticky_enabled=&#8221;0&#8243;]<\/p>\n<p>Il progetto si pone l\u2019obiettivo di contribuire a sviluppare un sistema di giustizia per minori basato su un approccio riabilitativo e rieducativo attraverso il rafforzamento delle possibilit\u00e0 di misure alternative alla detenzione. Il principale risultato consiste nella costruzione e gestione di un nuovo centro equipaggiato e funzionante in grado di accogliere 60 minori a tutto pieno (48 ragazzi e 12 ragazze), condannati o in attesa di giudizio.<\/p>\n<p>La struttura sorge nella circoscrizione di Bobo-Dioulasso, dove si trova il secondo Tribunale per minori del paese, e nasce con un mandato di educazione e reinserzione sociale dei minori in conflitto con la legge. I servizi che il Centro offre vanno dal supporto psicologico all\u2019assistenza sanitaria, dal supporto giuridico -attraverso un avvocato che segue i dossier personali e eventualmente le pratiche per l\u2019atto di registrazione allo stato civile, ad attivit\u00e0 educative (recupero della scolarit\u00e0 o alfabetizzazione di base), attivit\u00e0 ludico pedagogiche e formazione professionale. Il Centro \u00e8 dotato di ateliers di formazione professionale, una sala polivalente, due classi per l\u2019alfabetizzazione, di un\u2019infermeria, di un terreno per le attivit\u00e0 sportive, un pozzo con un ampio serbatoio e campi per attivit\u00e0 di produzione agricola e allevamento.<\/p>\n<p>Dopo aver terminato la fase della costruzione delle insfrastrutture, la Fondazione ha assistito la fase della creazione giuridica del centro, formato il personale statale che lo anima e curato l\u2019offerta di servizi nel quadro di una strategia di reinserimento sociale che mette l\u2019accento sulla collaborazione della famiglia e del tessuto comunitario per la realizzazione dei \u201cprogetti di vita\u201d dei ragazzi. Il progetto ha preso avvio nel marzo 2014 e ha vissuto i numerosi avvenimenti politici che hanno sconvolto il Paese tra il 2014 e il 2016. Due anni aggiuntivi di accompagnamento tecnico (2017-2019) sono pertanto stati previsti per consolidare le pratiche e le strategie introdotte. Le attivit\u00e0 del centro consistono negli scambi, riunioni tecniche, sensibilizzazioni e formazioni che si svolgono in favore degli attori giuridici, sociali e comunitari responsabili a vari livelli dell\u2019integrazione del concetto di reinserimento sociale nel sistema di giustizia minorile, nelle pratiche dei servizi sociali e nelle mentalit\u00e0 delle comunit\u00e0 di provenienza di questi minori.<\/p>\n<p>[\/et_pb_text][\/et_pb_column][\/et_pb_row][\/et_pb_section]<\/p>\n","protected":false},"excerpt":{"rendered":"<p>Il progetto si pone l\u2019obiettivo di contribuire a sviluppare un sistema di giustizia per minori basato su un approccio riabilitativo e rieducativo attraverso il rafforzamento delle possibilit\u00e0 di misure alternative alla detenzione.<\/p>\n","protected":false},"author":2,"featured_media":1243,"comment_status":"closed","ping_status":"closed","template":"","meta":{"_et_pb_use_builder":"on","_et_pb_old_content":"","_et_gb_content_width":"","footnotes":""},"project_category":[23],"project_tag":[],"class_list":["post-1268","project","type-project","status-publish","has-post-thumbnail","hentry","project_category-burkina-faso"],"yoast_head":"<!-- This site is optimized with the Yoast SEO plugin v21.1 - https:\/\/yoast.com\/wordpress\/plugins\/seo\/ -->\n<title>Assistenza tecnica per l\u2019operazionalizzazione del Centro d\u2019Educazione e di Reinserimento sociale di Minori in Conflitto con la Loi (CERMICOL) e per il rafforzamento del volet reintegrazione sociale dei minori nel quadro della Politica Nazionale della Giustizia in Burkina Faso - Terre des Hommes Italia<\/title>\n<meta name=\"robots\" content=\"index, follow, max-snippet:-1, max-image-preview:large, max-video-preview:-1\" \/>\n<link rel=\"canonical\" href=\"https:\/\/terredeshommes.it\/eng\/progetti\/assistenza-tecnica-per-loperazionalizzazione-del-centro-deducazione-e-di-reinserimento-sociale-di-minori-in-conflitto-con-la-loi-cermicol-e-per-il-rafforzamento-del-volet-reintegra\/\" \/>\n<meta property=\"og:locale\" content=\"en_US\" \/>\n<meta property=\"og:type\" content=\"article\" \/>\n<meta property=\"og:title\" content=\"Assistenza tecnica per l\u2019operazionalizzazione del Centro d\u2019Educazione e di Reinserimento sociale di Minori in Conflitto con la Loi (CERMICOL) e per il rafforzamento del volet reintegrazione sociale dei minori nel quadro della Politica Nazionale della Giustizia in Burkina Faso - Terre des Hommes Italia\" \/>\n<meta property=\"og:description\" content=\"Il progetto si pone l\u2019obiettivo di contribuire a sviluppare un sistema di giustizia per minori basato su un approccio riabilitativo e rieducativo attraverso il rafforzamento delle possibilit\u00e0 di misure alternative alla detenzione.\" \/>\n<meta property=\"og:url\" content=\"https:\/\/terredeshommes.it\/eng\/progetti\/assistenza-tecnica-per-loperazionalizzazione-del-centro-deducazione-e-di-reinserimento-sociale-di-minori-in-conflitto-con-la-loi-cermicol-e-per-il-rafforzamento-del-volet-reintegra\/\" \/>\n<meta property=\"og:site_name\" content=\"Terre des Hommes Italia\" \/>\n<meta property=\"article:modified_time\" content=\"2021-07-28T09:11:55+00:00\" \/>\n<meta property=\"og:image\" content=\"https:\/\/terredeshommes.it\/eng\/wp-content\/uploads\/burkina4.jpeg\" \/>\n\t<meta property=\"og:image:width\" content=\"640\" \/>\n\t<meta property=\"og:image:height\" content=\"240\" \/>\n\t<meta property=\"og:image:type\" content=\"image\/jpeg\" \/>\n<meta name=\"twitter:card\" content=\"summary_large_image\" \/>\n<meta name=\"twitter:label1\" content=\"Est. reading time\" \/>\n\t<meta name=\"twitter:data1\" content=\"3 minutes\" \/>\n<script type=\"application\/ld+json\" class=\"yoast-schema-graph\">{\"@context\":\"https:\/\/schema.org\",\"@graph\":[{\"@type\":\"WebPage\",\"@id\":\"https:\/\/terredeshommes.it\/eng\/progetti\/assistenza-tecnica-per-loperazionalizzazione-del-centro-deducazione-e-di-reinserimento-sociale-di-minori-in-conflitto-con-la-loi-cermicol-e-per-il-rafforzamento-del-volet-reintegra\/\",\"url\":\"https:\/\/terredeshommes.it\/eng\/progetti\/assistenza-tecnica-per-loperazionalizzazione-del-centro-deducazione-e-di-reinserimento-sociale-di-minori-in-conflitto-con-la-loi-cermicol-e-per-il-rafforzamento-del-volet-reintegra\/\",\"name\":\"Assistenza tecnica per l\u2019operazionalizzazione del Centro d\u2019Educazione e di Reinserimento sociale di Minori in Conflitto con la Loi (CERMICOL) e per il rafforzamento del volet reintegrazione sociale dei minori nel quadro della Politica Nazionale della Giustizia in Burkina Faso - Terre des Hommes Italia\",\"isPartOf\":{\"@id\":\"https:\/\/terredeshommes.it\/eng\/#website\"},\"datePublished\":\"2021-07-27T10:05:34+00:00\",\"dateModified\":\"2021-07-28T09:11:55+00:00\",\"breadcrumb\":{\"@id\":\"https:\/\/terredeshommes.it\/eng\/progetti\/assistenza-tecnica-per-loperazionalizzazione-del-centro-deducazione-e-di-reinserimento-sociale-di-minori-in-conflitto-con-la-loi-cermicol-e-per-il-rafforzamento-del-volet-reintegra\/#breadcrumb\"},\"inLanguage\":\"en-US\",\"potentialAction\":[{\"@type\":\"ReadAction\",\"target\":[\"https:\/\/terredeshommes.it\/eng\/progetti\/assistenza-tecnica-per-loperazionalizzazione-del-centro-deducazione-e-di-reinserimento-sociale-di-minori-in-conflitto-con-la-loi-cermicol-e-per-il-rafforzamento-del-volet-reintegra\/\"]}]},{\"@type\":\"BreadcrumbList\",\"@id\":\"https:\/\/terredeshommes.it\/eng\/progetti\/assistenza-tecnica-per-loperazionalizzazione-del-centro-deducazione-e-di-reinserimento-sociale-di-minori-in-conflitto-con-la-loi-cermicol-e-per-il-rafforzamento-del-volet-reintegra\/#breadcrumb\",\"itemListElement\":[{\"@type\":\"ListItem\",\"position\":1,\"name\":\"Home\",\"item\":\"https:\/\/terredeshommes.it\/eng\/\"},{\"@type\":\"ListItem\",\"position\":2,\"name\":\"Projects\",\"item\":\"https:\/\/terredeshommes.it\/eng\/progetti\/\"},{\"@type\":\"ListItem\",\"position\":3,\"name\":\"Assistenza tecnica per l\u2019operazionalizzazione del Centro d\u2019Educazione e di Reinserimento sociale di Minori in Conflitto con la Loi (CERMICOL) e per il rafforzamento del volet reintegrazione sociale dei minori nel quadro della Politica Nazionale della Giustizia in Burkina Faso\"}]},{\"@type\":\"WebSite\",\"@id\":\"https:\/\/terredeshommes.it\/eng\/#website\",\"url\":\"https:\/\/terredeshommes.it\/eng\/\",\"name\":\"Terre des Hommes Italia\",\"description\":\"Proteggiamo i bambini insieme\",\"potentialAction\":[{\"@type\":\"SearchAction\",\"target\":{\"@type\":\"EntryPoint\",\"urlTemplate\":\"https:\/\/terredeshommes.it\/eng\/?s={search_term_string}\"},\"query-input\":\"required name=search_term_string\"}],\"inLanguage\":\"en-US\"}]}<\/script>\n<!-- \/ Yoast SEO plugin. -->","yoast_head_json":{"title":"Assistenza tecnica per l\u2019operazionalizzazione del Centro d\u2019Educazione e di Reinserimento sociale di Minori in Conflitto con la Loi (CERMICOL) e per il rafforzamento del volet reintegrazione sociale dei minori nel quadro della Politica Nazionale della Giustizia in Burkina Faso - Terre des Hommes Italia","robots":{"index":"index","follow":"follow","max-snippet":"max-snippet:-1","max-image-preview":"max-image-preview:large","max-video-preview":"max-video-preview:-1"},"canonical":"https:\/\/terredeshommes.it\/eng\/progetti\/assistenza-tecnica-per-loperazionalizzazione-del-centro-deducazione-e-di-reinserimento-sociale-di-minori-in-conflitto-con-la-loi-cermicol-e-per-il-rafforzamento-del-volet-reintegra\/","og_locale":"en_US","og_type":"article","og_title":"Assistenza tecnica per l\u2019operazionalizzazione del Centro d\u2019Educazione e di Reinserimento sociale di Minori in Conflitto con la Loi (CERMICOL) e per il rafforzamento del volet reintegrazione sociale dei minori nel quadro della Politica Nazionale della Giustizia in Burkina Faso - Terre des Hommes Italia","og_description":"Il progetto si pone l\u2019obiettivo di contribuire a sviluppare un sistema di giustizia per minori basato su un approccio riabilitativo e rieducativo attraverso il rafforzamento delle possibilit\u00e0 di misure alternative alla detenzione.","og_url":"https:\/\/terredeshommes.it\/eng\/progetti\/assistenza-tecnica-per-loperazionalizzazione-del-centro-deducazione-e-di-reinserimento-sociale-di-minori-in-conflitto-con-la-loi-cermicol-e-per-il-rafforzamento-del-volet-reintegra\/","og_site_name":"Terre des Hommes Italia","article_modified_time":"2021-07-28T09:11:55+00:00","og_image":[{"width":640,"height":240,"url":"https:\/\/terredeshommes.it\/eng\/wp-content\/uploads\/burkina4.jpeg","type":"image\/jpeg"}],"twitter_card":"summary_large_image","twitter_misc":{"Est. reading time":"3 minutes"},"schema":{"@context":"https:\/\/schema.org","@graph":[{"@type":"WebPage","@id":"https:\/\/terredeshommes.it\/eng\/progetti\/assistenza-tecnica-per-loperazionalizzazione-del-centro-deducazione-e-di-reinserimento-sociale-di-minori-in-conflitto-con-la-loi-cermicol-e-per-il-rafforzamento-del-volet-reintegra\/","url":"https:\/\/terredeshommes.it\/eng\/progetti\/assistenza-tecnica-per-loperazionalizzazione-del-centro-deducazione-e-di-reinserimento-sociale-di-minori-in-conflitto-con-la-loi-cermicol-e-per-il-rafforzamento-del-volet-reintegra\/","name":"Assistenza tecnica per l\u2019operazionalizzazione del Centro d\u2019Educazione e di Reinserimento sociale di Minori in Conflitto con la Loi (CERMICOL) e per il rafforzamento del volet reintegrazione sociale dei minori nel quadro della Politica Nazionale della Giustizia in Burkina Faso - Terre des Hommes Italia","isPartOf":{"@id":"https:\/\/terredeshommes.it\/eng\/#website"},"datePublished":"2021-07-27T10:05:34+00:00","dateModified":"2021-07-28T09:11:55+00:00","breadcrumb":{"@id":"https:\/\/terredeshommes.it\/eng\/progetti\/assistenza-tecnica-per-loperazionalizzazione-del-centro-deducazione-e-di-reinserimento-sociale-di-minori-in-conflitto-con-la-loi-cermicol-e-per-il-rafforzamento-del-volet-reintegra\/#breadcrumb"},"inLanguage":"en-US","potentialAction":[{"@type":"ReadAction","target":["https:\/\/terredeshommes.it\/eng\/progetti\/assistenza-tecnica-per-loperazionalizzazione-del-centro-deducazione-e-di-reinserimento-sociale-di-minori-in-conflitto-con-la-loi-cermicol-e-per-il-rafforzamento-del-volet-reintegra\/"]}]},{"@type":"BreadcrumbList","@id":"https:\/\/terredeshommes.it\/eng\/progetti\/assistenza-tecnica-per-loperazionalizzazione-del-centro-deducazione-e-di-reinserimento-sociale-di-minori-in-conflitto-con-la-loi-cermicol-e-per-il-rafforzamento-del-volet-reintegra\/#breadcrumb","itemListElement":[{"@type":"ListItem","position":1,"name":"Home","item":"https:\/\/terredeshommes.it\/eng\/"},{"@type":"ListItem","position":2,"name":"Projects","item":"https:\/\/terredeshommes.it\/eng\/progetti\/"},{"@type":"ListItem","position":3,"name":"Assistenza tecnica per l\u2019operazionalizzazione del Centro d\u2019Educazione e di Reinserimento sociale di Minori in Conflitto con la Loi (CERMICOL) e per il rafforzamento del volet reintegrazione sociale dei minori nel quadro della Politica Nazionale della Giustizia in Burkina Faso"}]},{"@type":"WebSite","@id":"https:\/\/terredeshommes.it\/eng\/#website","url":"https:\/\/terredeshommes.it\/eng\/","name":"Terre des Hommes Italia","description":"Proteggiamo i bambini insieme","potentialAction":[{"@type":"SearchAction","target":{"@type":"EntryPoint","urlTemplate":"https:\/\/terredeshommes.it\/eng\/?s={search_term_string}"},"query-input":"required name=search_term_string"}],"inLanguage":"en-US"}]}},"_links":{"self":[{"href":"https:\/\/terredeshommes.it\/eng\/wp-json\/wp\/v2\/project\/1268","targetHints":{"allow":["GET"]}}],"collection":[{"href":"https:\/\/terredeshommes.it\/eng\/wp-json\/wp\/v2\/project"}],"about":[{"href":"https:\/\/terredeshommes.it\/eng\/wp-json\/wp\/v2\/types\/project"}],"author":[{"embeddable":true,"href":"https:\/\/terredeshommes.it\/eng\/wp-json\/wp\/v2\/users\/2"}],"replies":[{"embeddable":true,"href":"https:\/\/terredeshommes.it\/eng\/wp-json\/wp\/v2\/comments?post=1268"}],"version-history":[{"count":0,"href":"https:\/\/terredeshommes.it\/eng\/wp-json\/wp\/v2\/project\/1268\/revisions"}],"wp:featuredmedia":[{"embeddable":true,"href":"https:\/\/terredeshommes.it\/eng\/wp-json\/wp\/v2\/media\/1243"}],"wp:attachment":[{"href":"https:\/\/terredeshommes.it\/eng\/wp-json\/wp\/v2\/media?parent=1268"}],"wp:term":[{"taxonomy":"project_category","embeddable":true,"href":"https:\/\/terredeshommes.it\/eng\/wp-json\/wp\/v2\/project_category?post=1268"},{"taxonomy":"project_tag","embeddable":true,"href":"https:\/\/terredeshommes.it\/eng\/wp-json\/wp\/v2\/project_tag?post=1268"}],"curies":[{"name":"wp","href":"https:\/\/api.w.org\/{rel}","templated":true}]}}