{"id":1270,"date":"2021-07-27T11:16:06","date_gmt":"2021-07-27T09:16:06","guid":{"rendered":"https:\/\/terredeshommes.it\/?post_type=project&#038;p=1270"},"modified":"2021-07-27T14:21:50","modified_gmt":"2021-07-27T12:21:50","slug":"progetto-di-protezione-a-base-comunitaria-nel-contesto-di-10-siti-auriferi-tradizionali-provincie-del-sanguie-e-tuy","status":"publish","type":"project","link":"https:\/\/terredeshommes.it\/eng\/projects\/progetto-di-protezione-a-base-comunitaria-nel-contesto-di-10-siti-auriferi-tradizionali-provincie-del-sanguie-e-tuy\/","title":{"rendered":"Progetto di Protezione a base comunitaria nel contesto di 10 siti auriferi tradizionali (Provincie del Sangui\u00e9 e Tuy)"},"content":{"rendered":"<p>[et_pb_section fb_built=&#8221;1&#8243; _builder_version=&#8221;4.9.10&#8243; _module_preset=&#8221;default&#8221; custom_padding=&#8221;2px|||||&#8221;][et_pb_row column_structure=&#8221;2_5,3_5&#8243; use_custom_gutter=&#8221;on&#8221; make_equal=&#8221;on&#8221; _builder_version=&#8221;4.9.10&#8243; _module_preset=&#8221;default&#8221; hover_enabled=&#8221;0&#8243; sticky_enabled=&#8221;0&#8243;][et_pb_column type=&#8221;2_5&#8243; _builder_version=&#8221;4.9.10&#8243; _module_preset=&#8221;default&#8221; background_enable_color=&#8221;off&#8221; custom_padding=&#8221;|20px|||false|false&#8221; hover_enabled=&#8221;0&#8243; border_width_right=&#8221;1px&#8221; border_width_right_last_edited=&#8221;on|tablet&#8221; sticky_enabled=&#8221;0&#8243; border_width_right_tablet=&#8221;0px&#8221;][et_pb_blurb title=&#8221;Data&#8221; use_icon=&#8221;on&#8221; font_icon=&#8221;%%128%%&#8221; _builder_version=&#8221;4.9.10&#8243; _module_preset=&#8221;c654947c-f542-4f3b-8dd1-a1a9471ac013&#8243; header_level=&#8221;h2&#8243;]<\/p>\n<p>inizio: <span>01\/02\/2017<\/span><br \/>fine: <span>31\/01\/2019<\/span><\/p>\n<p>[\/et_pb_blurb][et_pb_blurb title=&#8221;Tipo&#8221; use_icon=&#8221;on&#8221; font_icon=&#8221;%%240%%&#8221; _builder_version=&#8221;4.9.10&#8243; _module_preset=&#8221;c654947c-f542-4f3b-8dd1-a1a9471ac013&#8243; header_level=&#8221;h2&#8243;]Protezione dei Diritti Umani \u2013 Diritti dei Minori[\/et_pb_blurb][et_pb_blurb title=&#8221;Partner locale&#8221; use_icon=&#8221;on&#8221; font_icon=&#8221;%%249%%&#8221; _builder_version=&#8221;4.9.10&#8243; _module_preset=&#8221;c654947c-f542-4f3b-8dd1-a1a9471ac013&#8243; header_level=&#8221;h2&#8243;]Ministero della Donna, della Solidariet\u00e0 Nazionale e della Famiglia, Organizzazioni a base comunitaria, ONG CIAI[\/et_pb_blurb][et_pb_blurb title=&#8221;Beneficiari diretti&#8221; use_icon=&#8221;on&#8221; font_icon=&#8221;%%257%%&#8221; _builder_version=&#8221;4.9.10&#8243; _module_preset=&#8221;c654947c-f542-4f3b-8dd1-a1a9471ac013&#8243; header_level=&#8221;h2&#8243;]<\/p>\n<p><strong>10 membri della comunit\u00e0 su ciascun sito<\/strong> sono formati sui diritti umani e sulla gestione dei conflitti per dare vita a dei \u201ccomitati di protezione\u201d autogestiti; le popolazioni dei 10 siti auriferi migliorano l\u2019accesso all\u2019assistenza sanitaria di base, alla salute sessuale e riproduttiva, allo stato civile, ma anche ai servizi di protezione, prevenzione della violenza, sostegno psicologico e consulenza legale in caso di violazioni;<br \/>Almeno<strong> 300 donne con figli in et\u00e0 scolastica<\/strong>, 100 ragazze che abbandonano la prostituzione o escono da situazioni di sfruttamento e 100 giovani minatori sono supportati per svolgere attivit\u00e0 generatrici di reddito;<br \/><strong>5.000 bambini<\/strong> hanno accesso all\u2019alfabetizzazione, all\u2019accompagnamento psicosociale, ad attivit\u00e0 culturali\/ ricreative e sensibilizzazioni negli spazi \u201da misura di bambino\u201d adattati sui siti con la collaborazione delle comunit\u00e0 e di un\u2019associazione locale, e almeno il 10% (500) ottengono un certificato di nascita e \/ o sono iscritti nella scuola pi\u00f9 vicina.<br \/><strong>20.000 persone sono sensibilizzate attraverso attivit\u00e0 di comunicazione<\/strong> per il cambiamento sociale sui temi dell\u2019ambiente, sulle pratiche della gestione dei conflitti, su numerose tematiche chiave corrispondenti ai principali bisogni espressi dalle comunit\u00e0 stesse.<\/p>\n<p>[\/et_pb_blurb][et_pb_blurb title=&#8221;Finanziatori&#8221; use_icon=&#8221;on&#8221; font_icon=&#8221;%%171%%&#8221; _builder_version=&#8221;4.9.10&#8243; _module_preset=&#8221;c654947c-f542-4f3b-8dd1-a1a9471ac013&#8243; header_level=&#8221;h2&#8243;]EuropeAid \u2013 Iniziativa Europea per i Diritti Umani[\/et_pb_blurb][\/et_pb_column][et_pb_column type=&#8221;3_5&#8243; _builder_version=&#8221;4.9.10&#8243; _module_preset=&#8221;default&#8221;][et_pb_text _builder_version=&#8221;4.9.10&#8243; _module_preset=&#8221;default&#8221;]<\/p>\n<p>In Burkina Faso lo svilupparsi di siti di estrazione d\u2019oro clandestini \u00e8 all\u2019ordine del giorno e impiega un numero impressionante di persone che creano dei veri e propri villaggi temporanei attorno alle zone di scavo.<\/p>\n<p>Su questi siti la vita \u00e8 dura e senza regole : la droga, la prostituzione, i conflitti interpersonali, le malattie sono le piaghe che il progetto intende contrastare per promuovere al contrario i diritti umani delle persone specialmente le pi\u00f9 vulnerabili.<\/p>\n<p>L\u2019obiettivo generale del progetto \u00e8 quindi quello di rafforzare la resilienza delle comunit\u00e0 e delle famiglie che vivono e lavorano sui siti auriferi tradizionali, contro la povert\u00e0, i rischi di malattia, di esclusione sociale e di sfruttamento e abuso. L\u2019obiettivo specifico \u00e8 quello di contribuire a creare un meccanismo di protezione interno alla comunit\u00e0 per garantire la gestione dei conflitti, garantire i diritti umani e promuovere l\u2019accesso a dei servizi sociali \u2018in situ\u2019 (in modalit\u00e0 \u201d squadra mobile \u201d) per le persone vulnerabili che vivono e \/ o lavorano sui siti auriferi.<\/p>\n<p>[\/et_pb_text][\/et_pb_column][\/et_pb_row][\/et_pb_section]<\/p>\n","protected":false},"excerpt":{"rendered":"<p>In Burkina Faso lo svilupparsi di siti di estrazione d\u2019oro clandestini \u00e8 all\u2019ordine del giorno e impiega un numero impressionante di persone che creano dei veri e propri villaggi temporanei attorno alle zone di scavo.<\/p>\n","protected":false},"author":2,"featured_media":1243,"comment_status":"closed","ping_status":"closed","template":"","meta":{"_et_pb_use_builder":"on","_et_pb_old_content":"","_et_gb_content_width":"","footnotes":""},"project_category":[23],"project_tag":[],"class_list":["post-1270","project","type-project","status-publish","has-post-thumbnail","hentry","project_category-burkina-faso"],"yoast_head":"<!-- This site is optimized with the Yoast SEO plugin v21.1 - https:\/\/yoast.com\/wordpress\/plugins\/seo\/ -->\n<title>Progetto di Protezione a base comunitaria nel contesto di 10 siti auriferi tradizionali (Provincie del Sangui\u00e9 e Tuy) - Terre des Hommes Italia<\/title>\n<meta name=\"robots\" content=\"index, follow, max-snippet:-1, max-image-preview:large, max-video-preview:-1\" \/>\n<link rel=\"canonical\" href=\"https:\/\/terredeshommes.it\/eng\/progetti\/progetto-di-protezione-a-base-comunitaria-nel-contesto-di-10-siti-auriferi-tradizionali-provincie-del-sanguie-e-tuy\/\" \/>\n<meta property=\"og:locale\" content=\"en_US\" \/>\n<meta property=\"og:type\" content=\"article\" \/>\n<meta property=\"og:title\" content=\"Progetto di Protezione a base comunitaria nel contesto di 10 siti auriferi tradizionali (Provincie del Sangui\u00e9 e Tuy) - Terre des Hommes Italia\" \/>\n<meta property=\"og:description\" content=\"In Burkina Faso lo svilupparsi di siti di estrazione d\u2019oro clandestini \u00e8 all\u2019ordine del giorno e impiega un numero impressionante di persone che creano dei veri e propri villaggi temporanei attorno alle zone di scavo.\" \/>\n<meta property=\"og:url\" content=\"https:\/\/terredeshommes.it\/eng\/progetti\/progetto-di-protezione-a-base-comunitaria-nel-contesto-di-10-siti-auriferi-tradizionali-provincie-del-sanguie-e-tuy\/\" \/>\n<meta property=\"og:site_name\" content=\"Terre des Hommes Italia\" \/>\n<meta property=\"article:modified_time\" content=\"2021-07-27T12:21:50+00:00\" \/>\n<meta property=\"og:image\" content=\"https:\/\/terredeshommes.it\/eng\/wp-content\/uploads\/burkina4.jpeg\" \/>\n\t<meta property=\"og:image:width\" content=\"640\" \/>\n\t<meta property=\"og:image:height\" content=\"240\" \/>\n\t<meta property=\"og:image:type\" content=\"image\/jpeg\" \/>\n<meta name=\"twitter:card\" content=\"summary_large_image\" \/>\n<meta name=\"twitter:label1\" content=\"Est. reading time\" \/>\n\t<meta name=\"twitter:data1\" content=\"3 minutes\" \/>\n<script type=\"application\/ld+json\" class=\"yoast-schema-graph\">{\"@context\":\"https:\/\/schema.org\",\"@graph\":[{\"@type\":\"WebPage\",\"@id\":\"https:\/\/terredeshommes.it\/eng\/progetti\/progetto-di-protezione-a-base-comunitaria-nel-contesto-di-10-siti-auriferi-tradizionali-provincie-del-sanguie-e-tuy\/\",\"url\":\"https:\/\/terredeshommes.it\/eng\/progetti\/progetto-di-protezione-a-base-comunitaria-nel-contesto-di-10-siti-auriferi-tradizionali-provincie-del-sanguie-e-tuy\/\",\"name\":\"Progetto di Protezione a base comunitaria nel contesto di 10 siti auriferi tradizionali (Provincie del Sangui\u00e9 e Tuy) - Terre des Hommes Italia\",\"isPartOf\":{\"@id\":\"https:\/\/terredeshommes.it\/eng\/#website\"},\"datePublished\":\"2021-07-27T09:16:06+00:00\",\"dateModified\":\"2021-07-27T12:21:50+00:00\",\"breadcrumb\":{\"@id\":\"https:\/\/terredeshommes.it\/eng\/progetti\/progetto-di-protezione-a-base-comunitaria-nel-contesto-di-10-siti-auriferi-tradizionali-provincie-del-sanguie-e-tuy\/#breadcrumb\"},\"inLanguage\":\"en-US\",\"potentialAction\":[{\"@type\":\"ReadAction\",\"target\":[\"https:\/\/terredeshommes.it\/eng\/progetti\/progetto-di-protezione-a-base-comunitaria-nel-contesto-di-10-siti-auriferi-tradizionali-provincie-del-sanguie-e-tuy\/\"]}]},{\"@type\":\"BreadcrumbList\",\"@id\":\"https:\/\/terredeshommes.it\/eng\/progetti\/progetto-di-protezione-a-base-comunitaria-nel-contesto-di-10-siti-auriferi-tradizionali-provincie-del-sanguie-e-tuy\/#breadcrumb\",\"itemListElement\":[{\"@type\":\"ListItem\",\"position\":1,\"name\":\"Home\",\"item\":\"https:\/\/terredeshommes.it\/eng\/\"},{\"@type\":\"ListItem\",\"position\":2,\"name\":\"Projects\",\"item\":\"https:\/\/terredeshommes.it\/eng\/progetti\/\"},{\"@type\":\"ListItem\",\"position\":3,\"name\":\"Progetto di Protezione a base comunitaria nel contesto di 10 siti auriferi tradizionali (Provincie del Sangui\u00e9 e Tuy)\"}]},{\"@type\":\"WebSite\",\"@id\":\"https:\/\/terredeshommes.it\/eng\/#website\",\"url\":\"https:\/\/terredeshommes.it\/eng\/\",\"name\":\"Terre des Hommes Italia\",\"description\":\"Proteggiamo i bambini insieme\",\"potentialAction\":[{\"@type\":\"SearchAction\",\"target\":{\"@type\":\"EntryPoint\",\"urlTemplate\":\"https:\/\/terredeshommes.it\/eng\/?s={search_term_string}\"},\"query-input\":\"required name=search_term_string\"}],\"inLanguage\":\"en-US\"}]}<\/script>\n<!-- \/ Yoast SEO plugin. -->","yoast_head_json":{"title":"Progetto di Protezione a base comunitaria nel contesto di 10 siti auriferi tradizionali (Provincie del Sangui\u00e9 e Tuy) - Terre des Hommes Italia","robots":{"index":"index","follow":"follow","max-snippet":"max-snippet:-1","max-image-preview":"max-image-preview:large","max-video-preview":"max-video-preview:-1"},"canonical":"https:\/\/terredeshommes.it\/eng\/progetti\/progetto-di-protezione-a-base-comunitaria-nel-contesto-di-10-siti-auriferi-tradizionali-provincie-del-sanguie-e-tuy\/","og_locale":"en_US","og_type":"article","og_title":"Progetto di Protezione a base comunitaria nel contesto di 10 siti auriferi tradizionali (Provincie del Sangui\u00e9 e Tuy) - Terre des Hommes Italia","og_description":"In Burkina Faso lo svilupparsi di siti di estrazione d\u2019oro clandestini \u00e8 all\u2019ordine del giorno e impiega un numero impressionante di persone che creano dei veri e propri villaggi temporanei attorno alle zone di scavo.","og_url":"https:\/\/terredeshommes.it\/eng\/progetti\/progetto-di-protezione-a-base-comunitaria-nel-contesto-di-10-siti-auriferi-tradizionali-provincie-del-sanguie-e-tuy\/","og_site_name":"Terre des Hommes Italia","article_modified_time":"2021-07-27T12:21:50+00:00","og_image":[{"width":640,"height":240,"url":"https:\/\/terredeshommes.it\/eng\/wp-content\/uploads\/burkina4.jpeg","type":"image\/jpeg"}],"twitter_card":"summary_large_image","twitter_misc":{"Est. reading time":"3 minutes"},"schema":{"@context":"https:\/\/schema.org","@graph":[{"@type":"WebPage","@id":"https:\/\/terredeshommes.it\/eng\/progetti\/progetto-di-protezione-a-base-comunitaria-nel-contesto-di-10-siti-auriferi-tradizionali-provincie-del-sanguie-e-tuy\/","url":"https:\/\/terredeshommes.it\/eng\/progetti\/progetto-di-protezione-a-base-comunitaria-nel-contesto-di-10-siti-auriferi-tradizionali-provincie-del-sanguie-e-tuy\/","name":"Progetto di Protezione a base comunitaria nel contesto di 10 siti auriferi tradizionali (Provincie del Sangui\u00e9 e Tuy) - Terre des Hommes Italia","isPartOf":{"@id":"https:\/\/terredeshommes.it\/eng\/#website"},"datePublished":"2021-07-27T09:16:06+00:00","dateModified":"2021-07-27T12:21:50+00:00","breadcrumb":{"@id":"https:\/\/terredeshommes.it\/eng\/progetti\/progetto-di-protezione-a-base-comunitaria-nel-contesto-di-10-siti-auriferi-tradizionali-provincie-del-sanguie-e-tuy\/#breadcrumb"},"inLanguage":"en-US","potentialAction":[{"@type":"ReadAction","target":["https:\/\/terredeshommes.it\/eng\/progetti\/progetto-di-protezione-a-base-comunitaria-nel-contesto-di-10-siti-auriferi-tradizionali-provincie-del-sanguie-e-tuy\/"]}]},{"@type":"BreadcrumbList","@id":"https:\/\/terredeshommes.it\/eng\/progetti\/progetto-di-protezione-a-base-comunitaria-nel-contesto-di-10-siti-auriferi-tradizionali-provincie-del-sanguie-e-tuy\/#breadcrumb","itemListElement":[{"@type":"ListItem","position":1,"name":"Home","item":"https:\/\/terredeshommes.it\/eng\/"},{"@type":"ListItem","position":2,"name":"Projects","item":"https:\/\/terredeshommes.it\/eng\/progetti\/"},{"@type":"ListItem","position":3,"name":"Progetto di Protezione a base comunitaria nel contesto di 10 siti auriferi tradizionali (Provincie del Sangui\u00e9 e Tuy)"}]},{"@type":"WebSite","@id":"https:\/\/terredeshommes.it\/eng\/#website","url":"https:\/\/terredeshommes.it\/eng\/","name":"Terre des Hommes Italia","description":"Proteggiamo i bambini insieme","potentialAction":[{"@type":"SearchAction","target":{"@type":"EntryPoint","urlTemplate":"https:\/\/terredeshommes.it\/eng\/?s={search_term_string}"},"query-input":"required name=search_term_string"}],"inLanguage":"en-US"}]}},"_links":{"self":[{"href":"https:\/\/terredeshommes.it\/eng\/wp-json\/wp\/v2\/project\/1270","targetHints":{"allow":["GET"]}}],"collection":[{"href":"https:\/\/terredeshommes.it\/eng\/wp-json\/wp\/v2\/project"}],"about":[{"href":"https:\/\/terredeshommes.it\/eng\/wp-json\/wp\/v2\/types\/project"}],"author":[{"embeddable":true,"href":"https:\/\/terredeshommes.it\/eng\/wp-json\/wp\/v2\/users\/2"}],"replies":[{"embeddable":true,"href":"https:\/\/terredeshommes.it\/eng\/wp-json\/wp\/v2\/comments?post=1270"}],"version-history":[{"count":0,"href":"https:\/\/terredeshommes.it\/eng\/wp-json\/wp\/v2\/project\/1270\/revisions"}],"wp:featuredmedia":[{"embeddable":true,"href":"https:\/\/terredeshommes.it\/eng\/wp-json\/wp\/v2\/media\/1243"}],"wp:attachment":[{"href":"https:\/\/terredeshommes.it\/eng\/wp-json\/wp\/v2\/media?parent=1270"}],"wp:term":[{"taxonomy":"project_category","embeddable":true,"href":"https:\/\/terredeshommes.it\/eng\/wp-json\/wp\/v2\/project_category?post=1270"},{"taxonomy":"project_tag","embeddable":true,"href":"https:\/\/terredeshommes.it\/eng\/wp-json\/wp\/v2\/project_tag?post=1270"}],"curies":[{"name":"wp","href":"https:\/\/api.w.org\/{rel}","templated":true}]}}