{"id":1319,"date":"2018-02-01T09:29:16","date_gmt":"2018-02-01T08:29:16","guid":{"rendered":"https:\/\/terredeshommes.it\/?post_type=project&#038;p=1319"},"modified":"2021-07-28T11:22:39","modified_gmt":"2021-07-28T09:22:39","slug":"espressioni-culturali-transfrontaliere-tra-il-burkina-faso-e-il-niger-per-la-pace-linclusione-sociale-e-lo-sviluppo-2","status":"publish","type":"project","link":"https:\/\/terredeshommes.it\/eng\/projects\/espressioni-culturali-transfrontaliere-tra-il-burkina-faso-e-il-niger-per-la-pace-linclusione-sociale-e-lo-sviluppo-2\/","title":{"rendered":"Espressioni culturali transfrontaliere tra il Burkina Faso e il Niger per la pace, l\u2019inclusione sociale e lo sviluppo"},"content":{"rendered":"<p>[et_pb_section fb_built=&#8221;1&#8243; _builder_version=&#8221;4.9.10&#8243; _module_preset=&#8221;default&#8221; custom_padding=&#8221;2px|||||&#8221;][et_pb_row column_structure=&#8221;2_5,3_5&#8243; use_custom_gutter=&#8221;on&#8221; make_equal=&#8221;on&#8221; _builder_version=&#8221;4.9.10&#8243; _module_preset=&#8221;default&#8221;][et_pb_column type=&#8221;2_5&#8243; _builder_version=&#8221;4.9.10&#8243; _module_preset=&#8221;default&#8221; background_enable_color=&#8221;off&#8221; custom_padding=&#8221;|20px|||false|false&#8221; border_width_right=&#8221;1px&#8221; border_width_right_tablet=&#8221;0px&#8221; border_width_right_phone=&#8221;&#8221; border_width_right_last_edited=&#8221;on|phone&#8221;][et_pb_blurb title=&#8221;Data&#8221; use_icon=&#8221;on&#8221; font_icon=&#8221;%%128%%&#8221; _builder_version=&#8221;4.9.10&#8243; _module_preset=&#8221;c654947c-f542-4f3b-8dd1-a1a9471ac013&#8243; header_level=&#8221;h2&#8243;]inizio: 01\/02\/2018<br \/>\nfine: 31\/05\/2021[\/et_pb_blurb][et_pb_blurb title=&#8221;Tipo&#8221; use_icon=&#8221;on&#8221; font_icon=&#8221;%%240%%&#8221; _builder_version=&#8221;4.9.10&#8243; _module_preset=&#8221;c654947c-f542-4f3b-8dd1-a1a9471ac013&#8243; header_level=&#8221;h2&#8243;]Protezione dei Diritti Umani \/ Cultura, Pace, sviluppo[\/et_pb_blurb][et_pb_blurb title=&#8221;Partner locale&#8221; use_icon=&#8221;on&#8221; font_icon=&#8221;%%249%%&#8221; _builder_version=&#8221;4.9.10&#8243; _module_preset=&#8221;c654947c-f542-4f3b-8dd1-a1a9471ac013&#8243; header_level=&#8221;h2&#8243;]Ministero della Giovent\u00f9 e della Cultura dei due paesi, Associazione degli Scouts del Nige, Spazio Culturale Gambidi Burkina Faso, Organizzazioni a base comunitaria[\/et_pb_blurb][et_pb_blurb title=&#8221;Beneficiari diretti&#8221; use_icon=&#8221;on&#8221; font_icon=&#8221;%%257%%&#8221; _builder_version=&#8221;4.9.10&#8243; _module_preset=&#8221;c654947c-f542-4f3b-8dd1-a1a9471ac013&#8243; header_level=&#8221;h2&#8243; hover_enabled=&#8221;0&#8243; sticky_enabled=&#8221;0&#8243;]<\/p>\n<p>1600 giovani appartenenti alle associazioni giovanili delle 8 citt\u00e0 interessate dal progetto (Niamey, la capitale, Maradi, Tahoua e Agadez in Niger e Ouagadougou, Bobo-Dioulasso, Ouahigouya e Fada N\u2019Gourma in Burkina Faso)<br \/>30.000 persone considerate vulnerabili provenienti da comunit\u00e0 di migranti, comunit\u00e0 etniche\/culturali minoritarie, gruppi di rifugiati, gruppi di donne, associazioni di persone vulnerabili (portatori di handicap, malati di HIV\/AIDS) o excluse socialmente (bambini di strada, bambini vittime di discriminazione, albinismo e altre discriminazioni culturali), donne vittime di violenza ecc.<br \/>800 artisti<br \/>5000 tra leader comunitari e religiosi, responsabili dei servizi tecnici dei ministeri e dei comuni target, altre associazioni della societ\u00e0 civile<\/p>\n<p>[\/et_pb_blurb][et_pb_blurb title=&#8221;Finanziatori&#8221; use_icon=&#8221;on&#8221; font_icon=&#8221;%%171%%&#8221; _builder_version=&#8221;4.9.10&#8243; _module_preset=&#8221;c654947c-f542-4f3b-8dd1-a1a9471ac013&#8243; header_level=&#8221;h2&#8243;]EuropeAid \u2013 Cultura e dialogo interculturale[\/et_pb_blurb][\/et_pb_column][et_pb_column type=&#8221;3_5&#8243; _builder_version=&#8221;4.9.10&#8243; _module_preset=&#8221;default&#8221;][et_pb_text _builder_version=&#8221;4.9.10&#8243; _module_preset=&#8221;default&#8221;]<\/p>\n<p>In un momento particolarmente critico per la sicurezza della regione, dove i conflitti interetnici e le minacce terroristiche si sviluppano e coinvolgono i giovani senza risorse delle zone urbane e delle zone pi\u00f9 remote, questo progetto transfrontaliero tra il Burkina Faso e il Niger, fa della Cultura un fattore di pace e di sviluppo.<\/p>\n<p>L\u2019obiettivo generale del progetto \u00e8 la mobilitazione generale di giovani \u2018militanti\u2019 per portare dei messaggi di coesione sociale e inclusione, di pace e di dialogo attraverso micro attivit\u00e0 urbane ispirate alle discipline artistiche come la danza, il teatro, l\u2019oralit\u00e0 tradizionale o moderna (l\u2019arte del racconto o lo slam), le arti plastiche e il cinema.<\/p>\n<p>Con la partecipazione delle comunit\u00e0 di base, dei capi tradizionali e religiosi, dei rappresentanti dei comuni e dei servizi dei vari ministeri interessati e di due associazioni portatrici di esperienze tecniche specifiche (gli Scouts in Niger con l\u2019esperienza della gestione di gruppi giovanili \u2013 e l\u2019Espace culturel Gambidi in Burkina Faso, scuola di arte e promotore di imprese culturali) il progetto ha l\u2019ambizione di modificare durevolmente il comportamento delle popolazioni a partire dai giovani e a mezzo della cultura.<\/p>\n<p>8 piattaforme di associazioni giovanili animano le attivit\u00e0 sociali e culturali delle 8 citt\u00e0 e ciascuna piattaforma crea e gestisce dei laboratori artistici (5 in ogni citt\u00e0, discipline diverse).<\/p>\n<p>A causa della pandemia di Covid19 il festival itinerante di grandi dimensioni si \u00e9 trasformato in 8 microfestival uno per ciascuna citt\u00e0 in cui il progetto sostiene la rete giovanile. Infine, oltre alla creazione di 80 microimprese culturali, i cambiamenti proposti in seno al progetto includono la creazione di cooperative femminili a favore di 40 donne per paese.<\/p>\n<p>[\/et_pb_text][\/et_pb_column][\/et_pb_row][\/et_pb_section]<\/p>\n","protected":false},"excerpt":{"rendered":"<p>In un momento particolarmente critico per la sicurezza della regione, dove i conflitti interetnici e le minacce terroristiche si sviluppano e coinvolgono i giovani senza risorse delle zone urbane e delle zone pi\u00f9 remote, questo progetto transfrontaliero tra il Burkina Faso e il Niger, fa della Cultura un fattore di pace e di sviluppo.<\/p>\n","protected":false},"author":4,"featured_media":0,"comment_status":"closed","ping_status":"closed","template":"","meta":{"_et_pb_use_builder":"on","_et_pb_old_content":"","_et_gb_content_width":"","footnotes":""},"project_category":[34],"project_tag":[],"class_list":["post-1319","project","type-project","status-publish","hentry","project_category-niger"],"yoast_head":"<!-- This site is optimized with the Yoast SEO plugin v21.1 - https:\/\/yoast.com\/wordpress\/plugins\/seo\/ -->\n<title>Espressioni culturali transfrontaliere tra il Burkina Faso e il Niger per la pace, l\u2019inclusione sociale e lo sviluppo - Terre des Hommes Italia<\/title>\n<meta name=\"robots\" content=\"index, follow, max-snippet:-1, max-image-preview:large, max-video-preview:-1\" \/>\n<link rel=\"canonical\" href=\"https:\/\/terredeshommes.it\/eng\/progetti\/espressioni-culturali-transfrontaliere-tra-il-burkina-faso-e-il-niger-per-la-pace-linclusione-sociale-e-lo-sviluppo-2\/\" \/>\n<meta property=\"og:locale\" content=\"en_US\" \/>\n<meta property=\"og:type\" content=\"article\" \/>\n<meta property=\"og:title\" content=\"Espressioni culturali transfrontaliere tra il Burkina Faso e il Niger per la pace, l\u2019inclusione sociale e lo sviluppo - Terre des Hommes Italia\" \/>\n<meta property=\"og:description\" content=\"In un momento particolarmente critico per la sicurezza della regione, dove i conflitti interetnici e le minacce terroristiche si sviluppano e coinvolgono i giovani senza risorse delle zone urbane e delle zone pi\u00f9 remote, questo progetto transfrontaliero tra il Burkina Faso e il Niger, fa della Cultura un fattore di pace e di sviluppo.\" \/>\n<meta property=\"og:url\" content=\"https:\/\/terredeshommes.it\/eng\/progetti\/espressioni-culturali-transfrontaliere-tra-il-burkina-faso-e-il-niger-per-la-pace-linclusione-sociale-e-lo-sviluppo-2\/\" \/>\n<meta property=\"og:site_name\" content=\"Terre des Hommes Italia\" \/>\n<meta property=\"article:modified_time\" content=\"2021-07-28T09:22:39+00:00\" \/>\n<meta name=\"twitter:card\" content=\"summary_large_image\" \/>\n<meta name=\"twitter:label1\" content=\"Est. reading time\" \/>\n\t<meta name=\"twitter:data1\" content=\"3 minutes\" \/>\n<script type=\"application\/ld+json\" class=\"yoast-schema-graph\">{\"@context\":\"https:\/\/schema.org\",\"@graph\":[{\"@type\":\"WebPage\",\"@id\":\"https:\/\/terredeshommes.it\/eng\/progetti\/espressioni-culturali-transfrontaliere-tra-il-burkina-faso-e-il-niger-per-la-pace-linclusione-sociale-e-lo-sviluppo-2\/\",\"url\":\"https:\/\/terredeshommes.it\/eng\/progetti\/espressioni-culturali-transfrontaliere-tra-il-burkina-faso-e-il-niger-per-la-pace-linclusione-sociale-e-lo-sviluppo-2\/\",\"name\":\"Espressioni culturali transfrontaliere tra il Burkina Faso e il Niger per la pace, l\u2019inclusione sociale e lo sviluppo - Terre des Hommes Italia\",\"isPartOf\":{\"@id\":\"https:\/\/terredeshommes.it\/eng\/#website\"},\"datePublished\":\"2018-02-01T08:29:16+00:00\",\"dateModified\":\"2021-07-28T09:22:39+00:00\",\"breadcrumb\":{\"@id\":\"https:\/\/terredeshommes.it\/eng\/progetti\/espressioni-culturali-transfrontaliere-tra-il-burkina-faso-e-il-niger-per-la-pace-linclusione-sociale-e-lo-sviluppo-2\/#breadcrumb\"},\"inLanguage\":\"en-US\",\"potentialAction\":[{\"@type\":\"ReadAction\",\"target\":[\"https:\/\/terredeshommes.it\/eng\/progetti\/espressioni-culturali-transfrontaliere-tra-il-burkina-faso-e-il-niger-per-la-pace-linclusione-sociale-e-lo-sviluppo-2\/\"]}]},{\"@type\":\"BreadcrumbList\",\"@id\":\"https:\/\/terredeshommes.it\/eng\/progetti\/espressioni-culturali-transfrontaliere-tra-il-burkina-faso-e-il-niger-per-la-pace-linclusione-sociale-e-lo-sviluppo-2\/#breadcrumb\",\"itemListElement\":[{\"@type\":\"ListItem\",\"position\":1,\"name\":\"Home\",\"item\":\"https:\/\/terredeshommes.it\/eng\/\"},{\"@type\":\"ListItem\",\"position\":2,\"name\":\"Projects\",\"item\":\"https:\/\/terredeshommes.it\/eng\/progetti\/\"},{\"@type\":\"ListItem\",\"position\":3,\"name\":\"Espressioni culturali transfrontaliere tra il Burkina Faso e il Niger per la pace, l\u2019inclusione sociale e lo sviluppo\"}]},{\"@type\":\"WebSite\",\"@id\":\"https:\/\/terredeshommes.it\/eng\/#website\",\"url\":\"https:\/\/terredeshommes.it\/eng\/\",\"name\":\"Terre des Hommes Italia\",\"description\":\"Proteggiamo i bambini insieme\",\"potentialAction\":[{\"@type\":\"SearchAction\",\"target\":{\"@type\":\"EntryPoint\",\"urlTemplate\":\"https:\/\/terredeshommes.it\/eng\/?s={search_term_string}\"},\"query-input\":\"required name=search_term_string\"}],\"inLanguage\":\"en-US\"}]}<\/script>\n<!-- \/ Yoast SEO plugin. -->","yoast_head_json":{"title":"Espressioni culturali transfrontaliere tra il Burkina Faso e il Niger per la pace, l\u2019inclusione sociale e lo sviluppo - Terre des Hommes Italia","robots":{"index":"index","follow":"follow","max-snippet":"max-snippet:-1","max-image-preview":"max-image-preview:large","max-video-preview":"max-video-preview:-1"},"canonical":"https:\/\/terredeshommes.it\/eng\/progetti\/espressioni-culturali-transfrontaliere-tra-il-burkina-faso-e-il-niger-per-la-pace-linclusione-sociale-e-lo-sviluppo-2\/","og_locale":"en_US","og_type":"article","og_title":"Espressioni culturali transfrontaliere tra il Burkina Faso e il Niger per la pace, l\u2019inclusione sociale e lo sviluppo - Terre des Hommes Italia","og_description":"In un momento particolarmente critico per la sicurezza della regione, dove i conflitti interetnici e le minacce terroristiche si sviluppano e coinvolgono i giovani senza risorse delle zone urbane e delle zone pi\u00f9 remote, questo progetto transfrontaliero tra il Burkina Faso e il Niger, fa della Cultura un fattore di pace e di sviluppo.","og_url":"https:\/\/terredeshommes.it\/eng\/progetti\/espressioni-culturali-transfrontaliere-tra-il-burkina-faso-e-il-niger-per-la-pace-linclusione-sociale-e-lo-sviluppo-2\/","og_site_name":"Terre des Hommes Italia","article_modified_time":"2021-07-28T09:22:39+00:00","twitter_card":"summary_large_image","twitter_misc":{"Est. reading time":"3 minutes"},"schema":{"@context":"https:\/\/schema.org","@graph":[{"@type":"WebPage","@id":"https:\/\/terredeshommes.it\/eng\/progetti\/espressioni-culturali-transfrontaliere-tra-il-burkina-faso-e-il-niger-per-la-pace-linclusione-sociale-e-lo-sviluppo-2\/","url":"https:\/\/terredeshommes.it\/eng\/progetti\/espressioni-culturali-transfrontaliere-tra-il-burkina-faso-e-il-niger-per-la-pace-linclusione-sociale-e-lo-sviluppo-2\/","name":"Espressioni culturali transfrontaliere tra il Burkina Faso e il Niger per la pace, l\u2019inclusione sociale e lo sviluppo - Terre des Hommes Italia","isPartOf":{"@id":"https:\/\/terredeshommes.it\/eng\/#website"},"datePublished":"2018-02-01T08:29:16+00:00","dateModified":"2021-07-28T09:22:39+00:00","breadcrumb":{"@id":"https:\/\/terredeshommes.it\/eng\/progetti\/espressioni-culturali-transfrontaliere-tra-il-burkina-faso-e-il-niger-per-la-pace-linclusione-sociale-e-lo-sviluppo-2\/#breadcrumb"},"inLanguage":"en-US","potentialAction":[{"@type":"ReadAction","target":["https:\/\/terredeshommes.it\/eng\/progetti\/espressioni-culturali-transfrontaliere-tra-il-burkina-faso-e-il-niger-per-la-pace-linclusione-sociale-e-lo-sviluppo-2\/"]}]},{"@type":"BreadcrumbList","@id":"https:\/\/terredeshommes.it\/eng\/progetti\/espressioni-culturali-transfrontaliere-tra-il-burkina-faso-e-il-niger-per-la-pace-linclusione-sociale-e-lo-sviluppo-2\/#breadcrumb","itemListElement":[{"@type":"ListItem","position":1,"name":"Home","item":"https:\/\/terredeshommes.it\/eng\/"},{"@type":"ListItem","position":2,"name":"Projects","item":"https:\/\/terredeshommes.it\/eng\/progetti\/"},{"@type":"ListItem","position":3,"name":"Espressioni culturali transfrontaliere tra il Burkina Faso e il Niger per la pace, l\u2019inclusione sociale e lo sviluppo"}]},{"@type":"WebSite","@id":"https:\/\/terredeshommes.it\/eng\/#website","url":"https:\/\/terredeshommes.it\/eng\/","name":"Terre des Hommes Italia","description":"Proteggiamo i bambini insieme","potentialAction":[{"@type":"SearchAction","target":{"@type":"EntryPoint","urlTemplate":"https:\/\/terredeshommes.it\/eng\/?s={search_term_string}"},"query-input":"required name=search_term_string"}],"inLanguage":"en-US"}]}},"_links":{"self":[{"href":"https:\/\/terredeshommes.it\/eng\/wp-json\/wp\/v2\/project\/1319","targetHints":{"allow":["GET"]}}],"collection":[{"href":"https:\/\/terredeshommes.it\/eng\/wp-json\/wp\/v2\/project"}],"about":[{"href":"https:\/\/terredeshommes.it\/eng\/wp-json\/wp\/v2\/types\/project"}],"author":[{"embeddable":true,"href":"https:\/\/terredeshommes.it\/eng\/wp-json\/wp\/v2\/users\/4"}],"replies":[{"embeddable":true,"href":"https:\/\/terredeshommes.it\/eng\/wp-json\/wp\/v2\/comments?post=1319"}],"version-history":[{"count":0,"href":"https:\/\/terredeshommes.it\/eng\/wp-json\/wp\/v2\/project\/1319\/revisions"}],"wp:attachment":[{"href":"https:\/\/terredeshommes.it\/eng\/wp-json\/wp\/v2\/media?parent=1319"}],"wp:term":[{"taxonomy":"project_category","embeddable":true,"href":"https:\/\/terredeshommes.it\/eng\/wp-json\/wp\/v2\/project_category?post=1319"},{"taxonomy":"project_tag","embeddable":true,"href":"https:\/\/terredeshommes.it\/eng\/wp-json\/wp\/v2\/project_tag?post=1319"}],"curies":[{"name":"wp","href":"https:\/\/api.w.org\/{rel}","templated":true}]}}