{"id":1332,"date":"2018-07-02T10:03:32","date_gmt":"2018-07-02T08:03:32","guid":{"rendered":"https:\/\/terredeshommes.it\/?post_type=project&#038;p=1332"},"modified":"2021-07-28T10:12:26","modified_gmt":"2021-07-28T08:12:26","slug":"intervento-di-emergenza-per-il-miglioramento-dellassistenza-sanitaria-e-delle-condizioni-igieniche-nel-centro-per-migranti-e-rifugiati-di-gharyan-e-per-le-comunita-libiche-ospitanti","status":"publish","type":"project","link":"https:\/\/terredeshommes.it\/eng\/projects\/intervento-di-emergenza-per-il-miglioramento-dellassistenza-sanitaria-e-delle-condizioni-igieniche-nel-centro-per-migranti-e-rifugiati-di-gharyan-e-per-le-comunita-libiche-ospitanti\/","title":{"rendered":"Intervento di emergenza per il miglioramento dell\u2019assistenza sanitaria e delle condizioni igieniche nel centro per migranti e rifugiati di Gharyan e per le comunit\u00e0 libiche ospitanti"},"content":{"rendered":"<p>[et_pb_section fb_built=&#8221;1&#8243; _builder_version=&#8221;4.9.10&#8243; _module_preset=&#8221;default&#8221; custom_padding=&#8221;2px|||||&#8221;][et_pb_row column_structure=&#8221;2_5,3_5&#8243; use_custom_gutter=&#8221;on&#8221; make_equal=&#8221;on&#8221; _builder_version=&#8221;4.9.10&#8243; _module_preset=&#8221;default&#8221;][et_pb_column type=&#8221;2_5&#8243; _builder_version=&#8221;4.9.10&#8243; _module_preset=&#8221;default&#8221; background_enable_color=&#8221;off&#8221; custom_padding=&#8221;|20px|||false|false&#8221; border_width_right=&#8221;1px&#8221; border_width_right_tablet=&#8221;0px&#8221; border_width_right_phone=&#8221;&#8221; border_width_right_last_edited=&#8221;on|phone&#8221;][et_pb_blurb title=&#8221;Data&#8221; use_icon=&#8221;on&#8221; font_icon=&#8221;%%128%%&#8221; _builder_version=&#8221;4.9.10&#8243; _module_preset=&#8221;c654947c-f542-4f3b-8dd1-a1a9471ac013&#8243; header_level=&#8221;h2&#8243;]inizio: 02\/07\/2018<br \/>\nfine: 01\/05\/2019[\/et_pb_blurb][et_pb_blurb title=&#8221;Tipo&#8221; use_icon=&#8221;on&#8221; font_icon=&#8221;%%240%%&#8221; _builder_version=&#8221;4.9.10&#8243; _module_preset=&#8221;c654947c-f542-4f3b-8dd1-a1a9471ac013&#8243; header_level=&#8221;h2&#8243;]Protezione (rifugiati, sfollati, minoranze, migranti, altro)[\/et_pb_blurb][et_pb_blurb title=&#8221;Partner locale&#8221; use_icon=&#8221;on&#8221; font_icon=&#8221;%%249%%&#8221; disabled_on=&#8221;on|on|on&#8221; _builder_version=&#8221;4.9.10&#8243; _module_preset=&#8221;c654947c-f542-4f3b-8dd1-a1a9471ac013&#8243; header_level=&#8221;h2&#8243; disabled=&#8221;on&#8221;]Ministero della Giovent\u00f9 e della Cultura dei due paesi, Associazione degli Scouts del Nige, Spazio Culturale Gambidi Burkina Faso, Organizzazioni a base comunitaria[\/et_pb_blurb][et_pb_blurb title=&#8221;Beneficiari diretti&#8221; use_icon=&#8221;on&#8221; font_icon=&#8221;%%257%%&#8221; _builder_version=&#8221;4.9.10&#8243; _module_preset=&#8221;c654947c-f542-4f3b-8dd1-a1a9471ac013&#8243; header_level=&#8221;h2&#8243;]2140 migranti, donne, bambini ed uomini; 800 libici (donne, uomini, bambini)[\/et_pb_blurb][et_pb_blurb title=&#8221;Finanziatori&#8221; use_icon=&#8221;on&#8221; font_icon=&#8221;%%171%%&#8221; _builder_version=&#8221;4.9.10&#8243; _module_preset=&#8221;c654947c-f542-4f3b-8dd1-a1a9471ac013&#8243; header_level=&#8221;h2&#8243;]Agenzia Italiana per la Cooperazione e lo Sviluppo (AICS)[\/et_pb_blurb][\/et_pb_column][et_pb_column type=&#8221;3_5&#8243; _builder_version=&#8221;4.9.10&#8243; _module_preset=&#8221;default&#8221;][et_pb_text _builder_version=&#8221;4.9.10&#8243; _module_preset=&#8221;default&#8221;]Il progetto ha l\u2019obiettivo di migliorare e rafforzare i livelli di protezione ed assistenza psicologica di migranti rifugiati nei centri di Qasr bin Ghasheer e Tajoura, e nel campo 1 per sfollati interni di Alfallah.[\/et_pb_text][et_pb_text _builder_version=&#8221;4.9.10&#8243; _module_preset=&#8221;default&#8221;]<\/p>\n<h4 style=\"text-align: left;\">Attivit\u00e0:<\/h4>\n<p>Apertura di due spazi sicuri per i bambini all\u2019interno di un centro selezionato tra quelli di Qasr bin Ghasheer e Tajoura ed uno presso campo 1 per sfollati interni di Alfallah. Attivit\u00e0 strutturate di supporto psicosociale all\u2019interno dei due spazi e tramite unit\u00e0 mobili. Creazione di un sistema di referral locale con strutture specializzate in ambito medico-sanitario o di salute mentale per i casi pi\u00f9 difficili e con maggiori necessit\u00e0 di assistenza (bambini con disabilit\u00e0, problemi di salute fisica e mentale). Distribuzione di kit igienici all\u2019interno dei centri identificati e alle famiglie libiche pi\u00f9 vulnerabili<\/p>\n<p>[\/et_pb_text][et_pb_text _builder_version=&#8221;4.9.10&#8243; _module_preset=&#8221;default&#8221; hover_enabled=&#8221;0&#8243; sticky_enabled=&#8221;0&#8243;]<em>Nota: a causa di problemi di accessibilit\u00e0 e di una sfida alla sostenibilit\u00e0 dovuta a problematiche di accesso e coordinamento, il progetto ha cambiato obiettivo e portata per garantire una risposta ai bisogni pi\u00f9 urgenti della popolazione libica sfollata e delle popolazioni pi\u00f9 vulnerabili in stato di detenzione.<\/em>[\/et_pb_text][\/et_pb_column][\/et_pb_row][\/et_pb_section]<\/p>\n","protected":false},"excerpt":{"rendered":"<p>Il progetto ha l\u2019obiettivo di migliorare e rafforzare i livelli di protezione ed assistenza psicologica di migranti rifugiati nei centri di Qasr bin Ghasheer e Tajoura, e nel campo 1 per sfollati interni di Alfallah.<\/p>\n","protected":false},"author":4,"featured_media":1243,"comment_status":"closed","ping_status":"closed","template":"","meta":{"_et_pb_use_builder":"on","_et_pb_old_content":"","_et_gb_content_width":"","footnotes":""},"project_category":[30],"project_tag":[],"class_list":["post-1332","project","type-project","status-publish","has-post-thumbnail","hentry","project_category-libya"],"yoast_head":"<!-- This site is optimized with the Yoast SEO plugin v21.1 - https:\/\/yoast.com\/wordpress\/plugins\/seo\/ -->\n<title>Intervento di emergenza per il miglioramento dell\u2019assistenza sanitaria e delle condizioni igieniche nel centro per migranti e rifugiati di Gharyan e per le comunit\u00e0 libiche ospitanti - Terre des Hommes Italia<\/title>\n<meta name=\"robots\" content=\"index, follow, max-snippet:-1, max-image-preview:large, max-video-preview:-1\" \/>\n<link rel=\"canonical\" href=\"https:\/\/terredeshommes.it\/eng\/progetti\/intervento-di-emergenza-per-il-miglioramento-dellassistenza-sanitaria-e-delle-condizioni-igieniche-nel-centro-per-migranti-e-rifugiati-di-gharyan-e-per-le-comunita-libiche-ospitanti\/\" \/>\n<meta property=\"og:locale\" content=\"en_US\" \/>\n<meta property=\"og:type\" content=\"article\" \/>\n<meta property=\"og:title\" content=\"Intervento di emergenza per il miglioramento dell\u2019assistenza sanitaria e delle condizioni igieniche nel centro per migranti e rifugiati di Gharyan e per le comunit\u00e0 libiche ospitanti - Terre des Hommes Italia\" \/>\n<meta property=\"og:description\" content=\"Il progetto ha l\u2019obiettivo di migliorare e rafforzare i livelli di protezione ed assistenza psicologica di migranti rifugiati nei centri di Qasr bin Ghasheer e Tajoura, e nel campo 1 per sfollati interni di Alfallah.\" \/>\n<meta property=\"og:url\" content=\"https:\/\/terredeshommes.it\/eng\/progetti\/intervento-di-emergenza-per-il-miglioramento-dellassistenza-sanitaria-e-delle-condizioni-igieniche-nel-centro-per-migranti-e-rifugiati-di-gharyan-e-per-le-comunita-libiche-ospitanti\/\" \/>\n<meta property=\"og:site_name\" content=\"Terre des Hommes Italia\" \/>\n<meta property=\"article:modified_time\" content=\"2021-07-28T08:12:26+00:00\" \/>\n<meta property=\"og:image\" content=\"https:\/\/terredeshommes.it\/eng\/wp-content\/uploads\/burkina4.jpeg\" \/>\n\t<meta property=\"og:image:width\" content=\"640\" \/>\n\t<meta property=\"og:image:height\" content=\"240\" \/>\n\t<meta property=\"og:image:type\" content=\"image\/jpeg\" \/>\n<meta name=\"twitter:card\" content=\"summary_large_image\" \/>\n<meta name=\"twitter:label1\" content=\"Est. reading time\" \/>\n\t<meta name=\"twitter:data1\" content=\"3 minutes\" \/>\n<script type=\"application\/ld+json\" class=\"yoast-schema-graph\">{\"@context\":\"https:\/\/schema.org\",\"@graph\":[{\"@type\":\"WebPage\",\"@id\":\"https:\/\/terredeshommes.it\/eng\/progetti\/intervento-di-emergenza-per-il-miglioramento-dellassistenza-sanitaria-e-delle-condizioni-igieniche-nel-centro-per-migranti-e-rifugiati-di-gharyan-e-per-le-comunita-libiche-ospitanti\/\",\"url\":\"https:\/\/terredeshommes.it\/eng\/progetti\/intervento-di-emergenza-per-il-miglioramento-dellassistenza-sanitaria-e-delle-condizioni-igieniche-nel-centro-per-migranti-e-rifugiati-di-gharyan-e-per-le-comunita-libiche-ospitanti\/\",\"name\":\"Intervento di emergenza per il miglioramento dell\u2019assistenza sanitaria e delle condizioni igieniche nel centro per migranti e rifugiati di Gharyan e per le comunit\u00e0 libiche ospitanti - Terre des Hommes Italia\",\"isPartOf\":{\"@id\":\"https:\/\/terredeshommes.it\/eng\/#website\"},\"datePublished\":\"2018-07-02T08:03:32+00:00\",\"dateModified\":\"2021-07-28T08:12:26+00:00\",\"breadcrumb\":{\"@id\":\"https:\/\/terredeshommes.it\/eng\/progetti\/intervento-di-emergenza-per-il-miglioramento-dellassistenza-sanitaria-e-delle-condizioni-igieniche-nel-centro-per-migranti-e-rifugiati-di-gharyan-e-per-le-comunita-libiche-ospitanti\/#breadcrumb\"},\"inLanguage\":\"en-US\",\"potentialAction\":[{\"@type\":\"ReadAction\",\"target\":[\"https:\/\/terredeshommes.it\/eng\/progetti\/intervento-di-emergenza-per-il-miglioramento-dellassistenza-sanitaria-e-delle-condizioni-igieniche-nel-centro-per-migranti-e-rifugiati-di-gharyan-e-per-le-comunita-libiche-ospitanti\/\"]}]},{\"@type\":\"BreadcrumbList\",\"@id\":\"https:\/\/terredeshommes.it\/eng\/progetti\/intervento-di-emergenza-per-il-miglioramento-dellassistenza-sanitaria-e-delle-condizioni-igieniche-nel-centro-per-migranti-e-rifugiati-di-gharyan-e-per-le-comunita-libiche-ospitanti\/#breadcrumb\",\"itemListElement\":[{\"@type\":\"ListItem\",\"position\":1,\"name\":\"Home\",\"item\":\"https:\/\/terredeshommes.it\/eng\/\"},{\"@type\":\"ListItem\",\"position\":2,\"name\":\"Projects\",\"item\":\"https:\/\/terredeshommes.it\/eng\/progetti\/\"},{\"@type\":\"ListItem\",\"position\":3,\"name\":\"Intervento di emergenza per il miglioramento dell\u2019assistenza sanitaria e delle condizioni igieniche nel centro per migranti e rifugiati di Gharyan e per le comunit\u00e0 libiche ospitanti\"}]},{\"@type\":\"WebSite\",\"@id\":\"https:\/\/terredeshommes.it\/eng\/#website\",\"url\":\"https:\/\/terredeshommes.it\/eng\/\",\"name\":\"Terre des Hommes Italia\",\"description\":\"Proteggiamo i bambini insieme\",\"potentialAction\":[{\"@type\":\"SearchAction\",\"target\":{\"@type\":\"EntryPoint\",\"urlTemplate\":\"https:\/\/terredeshommes.it\/eng\/?s={search_term_string}\"},\"query-input\":\"required name=search_term_string\"}],\"inLanguage\":\"en-US\"}]}<\/script>\n<!-- \/ Yoast SEO plugin. -->","yoast_head_json":{"title":"Intervento di emergenza per il miglioramento dell\u2019assistenza sanitaria e delle condizioni igieniche nel centro per migranti e rifugiati di Gharyan e per le comunit\u00e0 libiche ospitanti - Terre des Hommes Italia","robots":{"index":"index","follow":"follow","max-snippet":"max-snippet:-1","max-image-preview":"max-image-preview:large","max-video-preview":"max-video-preview:-1"},"canonical":"https:\/\/terredeshommes.it\/eng\/progetti\/intervento-di-emergenza-per-il-miglioramento-dellassistenza-sanitaria-e-delle-condizioni-igieniche-nel-centro-per-migranti-e-rifugiati-di-gharyan-e-per-le-comunita-libiche-ospitanti\/","og_locale":"en_US","og_type":"article","og_title":"Intervento di emergenza per il miglioramento dell\u2019assistenza sanitaria e delle condizioni igieniche nel centro per migranti e rifugiati di Gharyan e per le comunit\u00e0 libiche ospitanti - Terre des Hommes Italia","og_description":"Il progetto ha l\u2019obiettivo di migliorare e rafforzare i livelli di protezione ed assistenza psicologica di migranti rifugiati nei centri di Qasr bin Ghasheer e Tajoura, e nel campo 1 per sfollati interni di Alfallah.","og_url":"https:\/\/terredeshommes.it\/eng\/progetti\/intervento-di-emergenza-per-il-miglioramento-dellassistenza-sanitaria-e-delle-condizioni-igieniche-nel-centro-per-migranti-e-rifugiati-di-gharyan-e-per-le-comunita-libiche-ospitanti\/","og_site_name":"Terre des Hommes Italia","article_modified_time":"2021-07-28T08:12:26+00:00","og_image":[{"width":640,"height":240,"url":"https:\/\/terredeshommes.it\/eng\/wp-content\/uploads\/burkina4.jpeg","type":"image\/jpeg"}],"twitter_card":"summary_large_image","twitter_misc":{"Est. reading time":"3 minutes"},"schema":{"@context":"https:\/\/schema.org","@graph":[{"@type":"WebPage","@id":"https:\/\/terredeshommes.it\/eng\/progetti\/intervento-di-emergenza-per-il-miglioramento-dellassistenza-sanitaria-e-delle-condizioni-igieniche-nel-centro-per-migranti-e-rifugiati-di-gharyan-e-per-le-comunita-libiche-ospitanti\/","url":"https:\/\/terredeshommes.it\/eng\/progetti\/intervento-di-emergenza-per-il-miglioramento-dellassistenza-sanitaria-e-delle-condizioni-igieniche-nel-centro-per-migranti-e-rifugiati-di-gharyan-e-per-le-comunita-libiche-ospitanti\/","name":"Intervento di emergenza per il miglioramento dell\u2019assistenza sanitaria e delle condizioni igieniche nel centro per migranti e rifugiati di Gharyan e per le comunit\u00e0 libiche ospitanti - Terre des Hommes Italia","isPartOf":{"@id":"https:\/\/terredeshommes.it\/eng\/#website"},"datePublished":"2018-07-02T08:03:32+00:00","dateModified":"2021-07-28T08:12:26+00:00","breadcrumb":{"@id":"https:\/\/terredeshommes.it\/eng\/progetti\/intervento-di-emergenza-per-il-miglioramento-dellassistenza-sanitaria-e-delle-condizioni-igieniche-nel-centro-per-migranti-e-rifugiati-di-gharyan-e-per-le-comunita-libiche-ospitanti\/#breadcrumb"},"inLanguage":"en-US","potentialAction":[{"@type":"ReadAction","target":["https:\/\/terredeshommes.it\/eng\/progetti\/intervento-di-emergenza-per-il-miglioramento-dellassistenza-sanitaria-e-delle-condizioni-igieniche-nel-centro-per-migranti-e-rifugiati-di-gharyan-e-per-le-comunita-libiche-ospitanti\/"]}]},{"@type":"BreadcrumbList","@id":"https:\/\/terredeshommes.it\/eng\/progetti\/intervento-di-emergenza-per-il-miglioramento-dellassistenza-sanitaria-e-delle-condizioni-igieniche-nel-centro-per-migranti-e-rifugiati-di-gharyan-e-per-le-comunita-libiche-ospitanti\/#breadcrumb","itemListElement":[{"@type":"ListItem","position":1,"name":"Home","item":"https:\/\/terredeshommes.it\/eng\/"},{"@type":"ListItem","position":2,"name":"Projects","item":"https:\/\/terredeshommes.it\/eng\/progetti\/"},{"@type":"ListItem","position":3,"name":"Intervento di emergenza per il miglioramento dell\u2019assistenza sanitaria e delle condizioni igieniche nel centro per migranti e rifugiati di Gharyan e per le comunit\u00e0 libiche ospitanti"}]},{"@type":"WebSite","@id":"https:\/\/terredeshommes.it\/eng\/#website","url":"https:\/\/terredeshommes.it\/eng\/","name":"Terre des Hommes Italia","description":"Proteggiamo i bambini insieme","potentialAction":[{"@type":"SearchAction","target":{"@type":"EntryPoint","urlTemplate":"https:\/\/terredeshommes.it\/eng\/?s={search_term_string}"},"query-input":"required name=search_term_string"}],"inLanguage":"en-US"}]}},"_links":{"self":[{"href":"https:\/\/terredeshommes.it\/eng\/wp-json\/wp\/v2\/project\/1332","targetHints":{"allow":["GET"]}}],"collection":[{"href":"https:\/\/terredeshommes.it\/eng\/wp-json\/wp\/v2\/project"}],"about":[{"href":"https:\/\/terredeshommes.it\/eng\/wp-json\/wp\/v2\/types\/project"}],"author":[{"embeddable":true,"href":"https:\/\/terredeshommes.it\/eng\/wp-json\/wp\/v2\/users\/4"}],"replies":[{"embeddable":true,"href":"https:\/\/terredeshommes.it\/eng\/wp-json\/wp\/v2\/comments?post=1332"}],"version-history":[{"count":0,"href":"https:\/\/terredeshommes.it\/eng\/wp-json\/wp\/v2\/project\/1332\/revisions"}],"wp:featuredmedia":[{"embeddable":true,"href":"https:\/\/terredeshommes.it\/eng\/wp-json\/wp\/v2\/media\/1243"}],"wp:attachment":[{"href":"https:\/\/terredeshommes.it\/eng\/wp-json\/wp\/v2\/media?parent=1332"}],"wp:term":[{"taxonomy":"project_category","embeddable":true,"href":"https:\/\/terredeshommes.it\/eng\/wp-json\/wp\/v2\/project_category?post=1332"},{"taxonomy":"project_tag","embeddable":true,"href":"https:\/\/terredeshommes.it\/eng\/wp-json\/wp\/v2\/project_tag?post=1332"}],"curies":[{"name":"wp","href":"https:\/\/api.w.org\/{rel}","templated":true}]}}