{"id":1507,"date":"2018-01-01T15:24:12","date_gmt":"2018-01-01T14:24:12","guid":{"rendered":"https:\/\/terredeshommes.it\/?post_type=project&#038;p=1507"},"modified":"2021-07-28T15:26:02","modified_gmt":"2021-07-28T13:26:02","slug":"mas-derechos-y-oportunidades-para-los-ninos-y-las-ninas-de-accha-y-omacha-piu-diritti-e-opportunita-per-i-bambini-delle-comunita-rurali-di-accha-e-omacha-provincia-di-paruro-cusco","status":"publish","type":"project","link":"https:\/\/terredeshommes.it\/eng\/projects\/mas-derechos-y-oportunidades-para-los-ninos-y-las-ninas-de-accha-y-omacha-piu-diritti-e-opportunita-per-i-bambini-delle-comunita-rurali-di-accha-e-omacha-provincia-di-paruro-cusco\/","title":{"rendered":"\u201cMas derechos y oportunidades para los ni\u00f1os y las ni\u00f1as de Accha y Omacha\u201d Pi\u00fa diritti e opportunit\u00e1 per i bambini delle comunit\u00e1 rurali di Accha e Omacha (provincia di Paruro, Cusco)"},"content":{"rendered":"<p>[et_pb_section fb_built=&#8221;1&#8243; _builder_version=&#8221;4.9.10&#8243; _module_preset=&#8221;default&#8221; custom_padding=&#8221;2px|||||&#8221;][et_pb_row column_structure=&#8221;2_5,3_5&#8243; use_custom_gutter=&#8221;on&#8221; make_equal=&#8221;on&#8221; _builder_version=&#8221;4.9.10&#8243; _module_preset=&#8221;default&#8221;][et_pb_column type=&#8221;2_5&#8243; _builder_version=&#8221;4.9.10&#8243; _module_preset=&#8221;default&#8221; background_enable_color=&#8221;off&#8221; custom_padding=&#8221;|20px|||false|false&#8221; border_width_right=&#8221;1px&#8221; border_width_right_tablet=&#8221;0px&#8221; border_width_right_phone=&#8221;&#8221; border_width_right_last_edited=&#8221;on|phone&#8221;][et_pb_blurb title=&#8221;Data&#8221; use_icon=&#8221;on&#8221; font_icon=&#8221;%%128%%&#8221; _builder_version=&#8221;4.9.10&#8243; _module_preset=&#8221;c654947c-f542-4f3b-8dd1-a1a9471ac013&#8243; header_level=&#8221;h2&#8243; hover_enabled=&#8221;0&#8243; sticky_enabled=&#8221;0&#8243;]inizio: 01\/01\/2018<br \/>\nfine: 31\/12\/2020[\/et_pb_blurb][et_pb_blurb title=&#8221;Tipo&#8221; use_icon=&#8221;on&#8221; font_icon=&#8221;%%240%%&#8221; _builder_version=&#8221;4.9.10&#8243; _module_preset=&#8221;c654947c-f542-4f3b-8dd1-a1a9471ac013&#8243; header_level=&#8221;h2&#8243; hover_enabled=&#8221;0&#8243; sticky_enabled=&#8221;0&#8243;]promozione dei diritti, protezione e protagonismo sociale dell\u2019infanzia in difficolt\u00e0[\/et_pb_blurb][et_pb_blurb title=&#8221;Partner locale&#8221; use_icon=&#8221;on&#8221; font_icon=&#8221;%%249%%&#8221; _builder_version=&#8221;4.9.10&#8243; _module_preset=&#8221;c654947c-f542-4f3b-8dd1-a1a9471ac013&#8243; header_level=&#8221;h2&#8243; hover_enabled=&#8221;0&#8243; sticky_enabled=&#8221;0&#8243;]Centro Yanapanakusun-Cusco[\/et_pb_blurb][et_pb_blurb title=&#8221;Beneficiari diretti&#8221; use_icon=&#8221;on&#8221; font_icon=&#8221;%%257%%&#8221; _builder_version=&#8221;4.9.10&#8243; _module_preset=&#8221;c654947c-f542-4f3b-8dd1-a1a9471ac013&#8243; header_level=&#8221;h2&#8243; hover_enabled=&#8221;0&#8243; sticky_enabled=&#8221;0&#8243;]200 bambini tra 5 e 14 anni[\/et_pb_blurb][et_pb_blurb title=&#8221;Finanziatori&#8221; use_icon=&#8221;on&#8221; font_icon=&#8221;%%171%%&#8221; _builder_version=&#8221;4.9.10&#8243; _module_preset=&#8221;c654947c-f542-4f3b-8dd1-a1a9471ac013&#8243; header_level=&#8221;h2&#8243; hover_enabled=&#8221;0&#8243; sticky_enabled=&#8221;0&#8243;]Terre des Hommes Italia \u2013 Sostegno a Distanza, Fondazione Zanetti, Centro Yanapanakusun, Ascoltiamo le voci[\/et_pb_blurb][\/et_pb_column][et_pb_column type=&#8221;3_5&#8243; _builder_version=&#8221;4.9.10&#8243; _module_preset=&#8221;default&#8221;][et_pb_text _builder_version=&#8221;4.9.10&#8243; _module_preset=&#8221;default&#8221; hover_enabled=&#8221;0&#8243; sticky_enabled=&#8221;0&#8243;]<\/p>\n<p>Il progetto contribuisce allo sviluppo e al miglioramento della qualit\u00e0 di vita di bambini e famiglie di lingua Quechua che vivono in situazioni di forte povert\u00e0 ed analfabetismo nelle comunit\u00e0 rurali della provincia di Paruro -Cusco. L\u2019intervento promuove azioni volte ad offrire opportunit\u00e0 e strumenti diretti a garantire un accesso equo ed opportuno al diritto allo studio, all`assistenza sanitaria e ad attivit\u00e0 di stimolo ludico pedagogico ai bambini, ma anche un supporto con attivit\u00e0 di formazione ai genitori e attori sociali presenti nel contesto di riferimento, con il fine di prevenire la migrazione dei bambini verso le citt\u00e0 per essere sfruttati in lavori che possono implicare moderne forme di schiavit\u00f9, quali ad esempio il lavoro infantile domestico.<\/p>\n<p>[\/et_pb_text][\/et_pb_column][\/et_pb_row][\/et_pb_section]<\/p>\n","protected":false},"excerpt":{"rendered":"<p>Il progetto contribuisce allo sviluppo e al miglioramento della qualit\u00e0 di vita di bambini e famiglie di lingua Quechua che vivono in situazioni di forte povert\u00e0 ed analfabetismo nelle comunit\u00e0 rurali della provincia di Paruro -Cusco.<\/p>\n","protected":false},"author":4,"featured_media":0,"comment_status":"closed","ping_status":"closed","template":"","meta":{"_et_pb_use_builder":"on","_et_pb_old_content":"","_et_gb_content_width":"","footnotes":""},"project_category":[46],"project_tag":[],"class_list":["post-1507","project","type-project","status-publish","hentry","project_category-peru"],"yoast_head":"<!-- This site is optimized with the Yoast SEO plugin v21.1 - https:\/\/yoast.com\/wordpress\/plugins\/seo\/ -->\n<title>\u201cMas derechos y oportunidades para los ni\u00f1os y las ni\u00f1as de Accha y Omacha\u201d Pi\u00fa diritti e opportunit\u00e1 per i bambini delle comunit\u00e1 rurali di Accha e Omacha (provincia di Paruro, Cusco) - Terre des Hommes Italia<\/title>\n<meta name=\"robots\" content=\"index, follow, max-snippet:-1, max-image-preview:large, max-video-preview:-1\" \/>\n<link rel=\"canonical\" href=\"https:\/\/terredeshommes.it\/eng\/progetti\/mas-derechos-y-oportunidades-para-los-ninos-y-las-ninas-de-accha-y-omacha-piu-diritti-e-opportunita-per-i-bambini-delle-comunita-rurali-di-accha-e-omacha-provincia-di-paruro-cusco\/\" \/>\n<meta property=\"og:locale\" content=\"en_US\" \/>\n<meta property=\"og:type\" content=\"article\" \/>\n<meta property=\"og:title\" content=\"\u201cMas derechos y oportunidades para los ni\u00f1os y las ni\u00f1as de Accha y Omacha\u201d Pi\u00fa diritti e opportunit\u00e1 per i bambini delle comunit\u00e1 rurali di Accha e Omacha (provincia di Paruro, Cusco) - Terre des Hommes Italia\" \/>\n<meta property=\"og:description\" content=\"Il progetto contribuisce allo sviluppo e al miglioramento della qualit\u00e0 di vita di bambini e famiglie di lingua Quechua che vivono in situazioni di forte povert\u00e0 ed analfabetismo nelle comunit\u00e0 rurali della provincia di Paruro -Cusco.\" \/>\n<meta property=\"og:url\" content=\"https:\/\/terredeshommes.it\/eng\/progetti\/mas-derechos-y-oportunidades-para-los-ninos-y-las-ninas-de-accha-y-omacha-piu-diritti-e-opportunita-per-i-bambini-delle-comunita-rurali-di-accha-e-omacha-provincia-di-paruro-cusco\/\" \/>\n<meta property=\"og:site_name\" content=\"Terre des Hommes Italia\" \/>\n<meta property=\"article:modified_time\" content=\"2021-07-28T13:26:02+00:00\" \/>\n<meta name=\"twitter:card\" content=\"summary_large_image\" \/>\n<meta name=\"twitter:label1\" content=\"Est. reading time\" \/>\n\t<meta name=\"twitter:data1\" content=\"2 minutes\" \/>\n<script type=\"application\/ld+json\" class=\"yoast-schema-graph\">{\"@context\":\"https:\/\/schema.org\",\"@graph\":[{\"@type\":\"WebPage\",\"@id\":\"https:\/\/terredeshommes.it\/eng\/progetti\/mas-derechos-y-oportunidades-para-los-ninos-y-las-ninas-de-accha-y-omacha-piu-diritti-e-opportunita-per-i-bambini-delle-comunita-rurali-di-accha-e-omacha-provincia-di-paruro-cusco\/\",\"url\":\"https:\/\/terredeshommes.it\/eng\/progetti\/mas-derechos-y-oportunidades-para-los-ninos-y-las-ninas-de-accha-y-omacha-piu-diritti-e-opportunita-per-i-bambini-delle-comunita-rurali-di-accha-e-omacha-provincia-di-paruro-cusco\/\",\"name\":\"\u201cMas derechos y oportunidades para los ni\u00f1os y las ni\u00f1as de Accha y Omacha\u201d Pi\u00fa diritti e opportunit\u00e1 per i bambini delle comunit\u00e1 rurali di Accha e Omacha (provincia di Paruro, Cusco) - Terre des Hommes Italia\",\"isPartOf\":{\"@id\":\"https:\/\/terredeshommes.it\/eng\/#website\"},\"datePublished\":\"2018-01-01T14:24:12+00:00\",\"dateModified\":\"2021-07-28T13:26:02+00:00\",\"breadcrumb\":{\"@id\":\"https:\/\/terredeshommes.it\/eng\/progetti\/mas-derechos-y-oportunidades-para-los-ninos-y-las-ninas-de-accha-y-omacha-piu-diritti-e-opportunita-per-i-bambini-delle-comunita-rurali-di-accha-e-omacha-provincia-di-paruro-cusco\/#breadcrumb\"},\"inLanguage\":\"en-US\",\"potentialAction\":[{\"@type\":\"ReadAction\",\"target\":[\"https:\/\/terredeshommes.it\/eng\/progetti\/mas-derechos-y-oportunidades-para-los-ninos-y-las-ninas-de-accha-y-omacha-piu-diritti-e-opportunita-per-i-bambini-delle-comunita-rurali-di-accha-e-omacha-provincia-di-paruro-cusco\/\"]}]},{\"@type\":\"BreadcrumbList\",\"@id\":\"https:\/\/terredeshommes.it\/eng\/progetti\/mas-derechos-y-oportunidades-para-los-ninos-y-las-ninas-de-accha-y-omacha-piu-diritti-e-opportunita-per-i-bambini-delle-comunita-rurali-di-accha-e-omacha-provincia-di-paruro-cusco\/#breadcrumb\",\"itemListElement\":[{\"@type\":\"ListItem\",\"position\":1,\"name\":\"Home\",\"item\":\"https:\/\/terredeshommes.it\/eng\/\"},{\"@type\":\"ListItem\",\"position\":2,\"name\":\"Projects\",\"item\":\"https:\/\/terredeshommes.it\/eng\/progetti\/\"},{\"@type\":\"ListItem\",\"position\":3,\"name\":\"\u201cMas derechos y oportunidades para los ni\u00f1os y las ni\u00f1as de Accha y Omacha\u201d Pi\u00fa diritti e opportunit\u00e1 per i bambini delle comunit\u00e1 rurali di Accha e Omacha (provincia di Paruro, Cusco)\"}]},{\"@type\":\"WebSite\",\"@id\":\"https:\/\/terredeshommes.it\/eng\/#website\",\"url\":\"https:\/\/terredeshommes.it\/eng\/\",\"name\":\"Terre des Hommes Italia\",\"description\":\"Proteggiamo i bambini insieme\",\"potentialAction\":[{\"@type\":\"SearchAction\",\"target\":{\"@type\":\"EntryPoint\",\"urlTemplate\":\"https:\/\/terredeshommes.it\/eng\/?s={search_term_string}\"},\"query-input\":\"required name=search_term_string\"}],\"inLanguage\":\"en-US\"}]}<\/script>\n<!-- \/ Yoast SEO plugin. -->","yoast_head_json":{"title":"\u201cMas derechos y oportunidades para los ni\u00f1os y las ni\u00f1as de Accha y Omacha\u201d Pi\u00fa diritti e opportunit\u00e1 per i bambini delle comunit\u00e1 rurali di Accha e Omacha (provincia di Paruro, Cusco) - Terre des Hommes Italia","robots":{"index":"index","follow":"follow","max-snippet":"max-snippet:-1","max-image-preview":"max-image-preview:large","max-video-preview":"max-video-preview:-1"},"canonical":"https:\/\/terredeshommes.it\/eng\/progetti\/mas-derechos-y-oportunidades-para-los-ninos-y-las-ninas-de-accha-y-omacha-piu-diritti-e-opportunita-per-i-bambini-delle-comunita-rurali-di-accha-e-omacha-provincia-di-paruro-cusco\/","og_locale":"en_US","og_type":"article","og_title":"\u201cMas derechos y oportunidades para los ni\u00f1os y las ni\u00f1as de Accha y Omacha\u201d Pi\u00fa diritti e opportunit\u00e1 per i bambini delle comunit\u00e1 rurali di Accha e Omacha (provincia di Paruro, Cusco) - Terre des Hommes Italia","og_description":"Il progetto contribuisce allo sviluppo e al miglioramento della qualit\u00e0 di vita di bambini e famiglie di lingua Quechua che vivono in situazioni di forte povert\u00e0 ed analfabetismo nelle comunit\u00e0 rurali della provincia di Paruro -Cusco.","og_url":"https:\/\/terredeshommes.it\/eng\/progetti\/mas-derechos-y-oportunidades-para-los-ninos-y-las-ninas-de-accha-y-omacha-piu-diritti-e-opportunita-per-i-bambini-delle-comunita-rurali-di-accha-e-omacha-provincia-di-paruro-cusco\/","og_site_name":"Terre des Hommes Italia","article_modified_time":"2021-07-28T13:26:02+00:00","twitter_card":"summary_large_image","twitter_misc":{"Est. reading time":"2 minutes"},"schema":{"@context":"https:\/\/schema.org","@graph":[{"@type":"WebPage","@id":"https:\/\/terredeshommes.it\/eng\/progetti\/mas-derechos-y-oportunidades-para-los-ninos-y-las-ninas-de-accha-y-omacha-piu-diritti-e-opportunita-per-i-bambini-delle-comunita-rurali-di-accha-e-omacha-provincia-di-paruro-cusco\/","url":"https:\/\/terredeshommes.it\/eng\/progetti\/mas-derechos-y-oportunidades-para-los-ninos-y-las-ninas-de-accha-y-omacha-piu-diritti-e-opportunita-per-i-bambini-delle-comunita-rurali-di-accha-e-omacha-provincia-di-paruro-cusco\/","name":"\u201cMas derechos y oportunidades para los ni\u00f1os y las ni\u00f1as de Accha y Omacha\u201d Pi\u00fa diritti e opportunit\u00e1 per i bambini delle comunit\u00e1 rurali di Accha e Omacha (provincia di Paruro, Cusco) - Terre des Hommes Italia","isPartOf":{"@id":"https:\/\/terredeshommes.it\/eng\/#website"},"datePublished":"2018-01-01T14:24:12+00:00","dateModified":"2021-07-28T13:26:02+00:00","breadcrumb":{"@id":"https:\/\/terredeshommes.it\/eng\/progetti\/mas-derechos-y-oportunidades-para-los-ninos-y-las-ninas-de-accha-y-omacha-piu-diritti-e-opportunita-per-i-bambini-delle-comunita-rurali-di-accha-e-omacha-provincia-di-paruro-cusco\/#breadcrumb"},"inLanguage":"en-US","potentialAction":[{"@type":"ReadAction","target":["https:\/\/terredeshommes.it\/eng\/progetti\/mas-derechos-y-oportunidades-para-los-ninos-y-las-ninas-de-accha-y-omacha-piu-diritti-e-opportunita-per-i-bambini-delle-comunita-rurali-di-accha-e-omacha-provincia-di-paruro-cusco\/"]}]},{"@type":"BreadcrumbList","@id":"https:\/\/terredeshommes.it\/eng\/progetti\/mas-derechos-y-oportunidades-para-los-ninos-y-las-ninas-de-accha-y-omacha-piu-diritti-e-opportunita-per-i-bambini-delle-comunita-rurali-di-accha-e-omacha-provincia-di-paruro-cusco\/#breadcrumb","itemListElement":[{"@type":"ListItem","position":1,"name":"Home","item":"https:\/\/terredeshommes.it\/eng\/"},{"@type":"ListItem","position":2,"name":"Projects","item":"https:\/\/terredeshommes.it\/eng\/progetti\/"},{"@type":"ListItem","position":3,"name":"\u201cMas derechos y oportunidades para los ni\u00f1os y las ni\u00f1as de Accha y Omacha\u201d Pi\u00fa diritti e opportunit\u00e1 per i bambini delle comunit\u00e1 rurali di Accha e Omacha (provincia di Paruro, Cusco)"}]},{"@type":"WebSite","@id":"https:\/\/terredeshommes.it\/eng\/#website","url":"https:\/\/terredeshommes.it\/eng\/","name":"Terre des Hommes Italia","description":"Proteggiamo i bambini insieme","potentialAction":[{"@type":"SearchAction","target":{"@type":"EntryPoint","urlTemplate":"https:\/\/terredeshommes.it\/eng\/?s={search_term_string}"},"query-input":"required name=search_term_string"}],"inLanguage":"en-US"}]}},"_links":{"self":[{"href":"https:\/\/terredeshommes.it\/eng\/wp-json\/wp\/v2\/project\/1507","targetHints":{"allow":["GET"]}}],"collection":[{"href":"https:\/\/terredeshommes.it\/eng\/wp-json\/wp\/v2\/project"}],"about":[{"href":"https:\/\/terredeshommes.it\/eng\/wp-json\/wp\/v2\/types\/project"}],"author":[{"embeddable":true,"href":"https:\/\/terredeshommes.it\/eng\/wp-json\/wp\/v2\/users\/4"}],"replies":[{"embeddable":true,"href":"https:\/\/terredeshommes.it\/eng\/wp-json\/wp\/v2\/comments?post=1507"}],"version-history":[{"count":0,"href":"https:\/\/terredeshommes.it\/eng\/wp-json\/wp\/v2\/project\/1507\/revisions"}],"wp:attachment":[{"href":"https:\/\/terredeshommes.it\/eng\/wp-json\/wp\/v2\/media?parent=1507"}],"wp:term":[{"taxonomy":"project_category","embeddable":true,"href":"https:\/\/terredeshommes.it\/eng\/wp-json\/wp\/v2\/project_category?post=1507"},{"taxonomy":"project_tag","embeddable":true,"href":"https:\/\/terredeshommes.it\/eng\/wp-json\/wp\/v2\/project_tag?post=1507"}],"curies":[{"name":"wp","href":"https:\/\/api.w.org\/{rel}","templated":true}]}}